{"id":831,"date":"2020-03-20T03:23:36","date_gmt":"2020-03-20T02:23:36","guid":{"rendered":"http:\/\/gavarnie-ensemble.com\/?page_id=831"},"modified":"2026-04-26T18:08:44","modified_gmt":"2026-04-26T16:08:44","slug":"home","status":"publish","type":"page","link":"https:\/\/gavarnie-ensemble.com\/fr\/","title":{"rendered":"Home"},"content":{"rendered":"<p>[et_pb_section fb_built=\u00a0\u00bb1&Prime; _builder_version=\u00a0\u00bb4.16&Prime; custom_margin=\u00a0\u00bb||-0.6%||false|false\u00a0\u00bb custom_padding=\u00a0\u00bb||80px||false|false\u00a0\u00bb global_colors_info=\u00a0\u00bb{}\u00a0\u00bb][et_pb_row _builder_version=\u00a0\u00bb4.16&Prime; transform_translate=\u00a0\u00bb-24px|5px\u00a0\u00bb transform_translate_linked=\u00a0\u00bboff\u00a0\u00bb transform_rotate=\u00a0\u00bb0deg|0deg|352deg\u00a0\u00bb width=\u00a0\u00bb100%\u00a0\u00bb width_tablet=\u00a0\u00bb\u00a0\u00bb width_phone=\u00a0\u00bb90%\u00a0\u00bb width_last_edited=\u00a0\u00bbon|desktop\u00a0\u00bb module_alignment=\u00a0\u00bbleft\u00a0\u00bb custom_margin=\u00a0\u00bb6.7%|auto||auto|false|false\u00a0\u00bb custom_padding=\u00a0\u00bb||||false|false\u00a0\u00bb border_color_all=\u00a0\u00bb#37407b\u00a0\u00bb border_width_bottom=\u00a0\u00bb100px\u00a0\u00bb collapsed=\u00a0\u00bboff\u00a0\u00bb global_colors_info=\u00a0\u00bb{}\u00a0\u00bb][et_pb_column type=\u00a0\u00bb4_4&Prime; _builder_version=\u00a0\u00bb4.16&Prime; global_colors_info=\u00a0\u00bb{}\u00a0\u00bb][et_pb_text _builder_version=\u00a0\u00bb4.27.4&Prime; text_orientation=\u00a0\u00bbright\u00a0\u00bb width=\u00a0\u00bb100%\u00a0\u00bb custom_margin=\u00a0\u00bb|85px||85px|false|true\u00a0\u00bb custom_padding=\u00a0\u00bb0px|85px||0px|false|false\u00a0\u00bb border_color_bottom=\u00a0\u00bb#000000&Prime; text_text_align=\u00a0\u00bbright\u00a0\u00bb global_colors_info=\u00a0\u00bb{}\u00a0\u00bb transform_styles__hover_enabled=\u00a0\u00bboff\u00a0\u00bb transform_scale__hover_enabled=\u00a0\u00bboff\u00a0\u00bb transform_translate__hover_enabled=\u00a0\u00bboff\u00a0\u00bb transform_rotate__hover_enabled=\u00a0\u00bboff\u00a0\u00bb transform_skew__hover_enabled=\u00a0\u00bboff\u00a0\u00bb transform_origin__hover_enabled=\u00a0\u00bboff\u00a0\u00bb]<\/p>\n<h1><strong>GAVARNIE ENSEMBLE<\/strong><\/h1>\n<p>[\/et_pb_text][\/et_pb_column][\/et_pb_row][et_pb_row custom_padding_last_edited=\u00a0\u00bbon|desktop\u00a0\u00bb _builder_version=\u00a0\u00bb4.27.4&Prime; width=\u00a0\u00bb100%\u00a0\u00bb max_width=\u00a0\u00bb75%\u00a0\u00bb custom_margin=\u00a0\u00bb8%|0px||auto|false|false\u00a0\u00bb custom_margin_tablet=\u00a0\u00bb\u00a0\u00bb custom_margin_phone=\u00a0\u00bb|||10%|false|false\u00a0\u00bb custom_margin_last_edited=\u00a0\u00bbon|desktop\u00a0\u00bb custom_padding=\u00a0\u00bb|25%|||false|false\u00a0\u00bb custom_padding_tablet=\u00a0\u00bb\u00a0\u00bb custom_padding_phone=\u00a0\u00bb|0%|||false|false\u00a0\u00bb border_width_bottom=\u00a0\u00bb20px\u00a0\u00bb border_color_bottom=\u00a0\u00bb#37407b\u00a0\u00bb global_colors_info=\u00a0\u00bb{}\u00a0\u00bb][et_pb_column type=\u00a0\u00bb4_4&Prime; _builder_version=\u00a0\u00bb4.16&Prime; global_colors_info=\u00a0\u00bb{}\u00a0\u00bb][et_pb_text _builder_version=\u00a0\u00bb4.27.6&Prime; custom_margin=\u00a0\u00bb||1%||false|false\u00a0\u00bb global_colors_info=\u00a0\u00bb{}\u00a0\u00bb]<\/p>\n<h2><strong>Tourn\u00e9e Printemps &#8211; \u00c9t\u00e9 2026<br \/><\/strong><\/h2>\n<p>[\/et_pb_text][et_pb_image src=\u00a0\u00bbhttps:\/\/gavarnie-ensemble.com\/wp-content\/uploads\/2026\/03\/PRINTEMPS-2026.jpg\u00a0\u00bb title_text=\u00a0\u00bbPRINTEMPS 2026&Prime; _builder_version=\u00a0\u00bb4.27.6&Prime; _module_preset=\u00a0\u00bbdefault\u00a0\u00bb global_colors_info=\u00a0\u00bb{}\u00a0\u00bb][\/et_pb_image][\/et_pb_column][\/et_pb_row][et_pb_row custom_padding_last_edited=\u00a0\u00bbon|desktop\u00a0\u00bb _builder_version=\u00a0\u00bb4.16&Prime; width=\u00a0\u00bb100%\u00a0\u00bb max_width=\u00a0\u00bb75%\u00a0\u00bb custom_margin=\u00a0\u00bb8%|0px||auto|false|false\u00a0\u00bb custom_margin_tablet=\u00a0\u00bb\u00a0\u00bb custom_margin_phone=\u00a0\u00bb|||10%|false|false\u00a0\u00bb custom_margin_last_edited=\u00a0\u00bbon|desktop\u00a0\u00bb custom_padding=\u00a0\u00bb|25%|||false|false\u00a0\u00bb custom_padding_tablet=\u00a0\u00bb\u00a0\u00bb custom_padding_phone=\u00a0\u00bb|0%|||false|false\u00a0\u00bb border_width_bottom=\u00a0\u00bb20px\u00a0\u00bb border_color_bottom=\u00a0\u00bb#37407b\u00a0\u00bb global_colors_info=\u00a0\u00bb{}\u00a0\u00bb][et_pb_column type=\u00a0\u00bb4_4&Prime; _builder_version=\u00a0\u00bb4.16&Prime; global_colors_info=\u00a0\u00bb{}\u00a0\u00bb][et_pb_video _builder_version=\u00a0\u00bb4.27.4&Prime; _module_preset=\u00a0\u00bbdefault\u00a0\u00bb global_colors_info=\u00a0\u00bb{}\u00a0\u00bb][\/et_pb_video][et_pb_text _builder_version=\u00a0\u00bb4.27.4&Prime; custom_margin=\u00a0\u00bb||1%||false|false\u00a0\u00bb global_colors_info=\u00a0\u00bb{}\u00a0\u00bb]<\/p>\n<h2><strong><em>Si Fou Mi !<\/em> au Festival OFF Avignon 2025 !<br \/><\/strong><\/h2>\n<p>[\/et_pb_text][\/et_pb_column][\/et_pb_row][et_pb_row custom_padding_last_edited=\u00a0\u00bbon|desktop\u00a0\u00bb _builder_version=\u00a0\u00bb4.16&Prime; width=\u00a0\u00bb100%\u00a0\u00bb max_width=\u00a0\u00bb75%\u00a0\u00bb custom_margin=\u00a0\u00bb-0.2%|0px||auto|false|false\u00a0\u00bb custom_margin_tablet=\u00a0\u00bb\u00a0\u00bb custom_margin_phone=\u00a0\u00bb|||10%|false|false\u00a0\u00bb custom_margin_last_edited=\u00a0\u00bbon|desktop\u00a0\u00bb custom_padding=\u00a0\u00bb|25%|||false|false\u00a0\u00bb custom_padding_tablet=\u00a0\u00bb\u00a0\u00bb custom_padding_phone=\u00a0\u00bb|0%|||false|false\u00a0\u00bb border_width_bottom=\u00a0\u00bb20px\u00a0\u00bb border_color_bottom=\u00a0\u00bb#37407b\u00a0\u00bb global_colors_info=\u00a0\u00bb{}\u00a0\u00bb][et_pb_column type=\u00a0\u00bb4_4&Prime; _builder_version=\u00a0\u00bb4.16&Prime; global_colors_info=\u00a0\u00bb{}\u00a0\u00bb][et_pb_video src=\u00a0\u00bbhttps:\/\/www.youtube.com\/watch?v=xINxB3s9NAY\u00a0\u00bb _builder_version=\u00a0\u00bb4.27.4&Prime; _module_preset=\u00a0\u00bbdefault\u00a0\u00bb global_colors_info=\u00a0\u00bb{}\u00a0\u00bb][\/et_pb_video][et_pb_text _builder_version=\u00a0\u00bb4.27.4&Prime; _module_preset=\u00a0\u00bbdefault\u00a0\u00bb global_colors_info=\u00a0\u00bb{}\u00a0\u00bb]<\/p>\n<h1><\/h1>\n<h1>On en parle&#8230;<\/h1>\n<h5><span style=\"font-size: small;\"><em><\/em><\/span><\/h5>\n<p><em>\u00ab\u00a0Une belle prouesse, parfaitement ma\u00eetris\u00e9e.\u00a0\u00bb<\/em><br \/><a href=\"https:\/\/www.lesartsliants.fr\/post\/si-fou-mi\"><strong>Nadine Eid &#8211; Les Arts Liants<\/strong><\/a><em><\/em><\/p>\n<p><em>\u00ab\u00a0Spectacle tr\u00e8s musical, compos\u00e9 d&rsquo;extraits de pi\u00e8ces tr\u00e8s connues et vari\u00e9es, qui ne font pas forc\u00e9ment partie de la culture musicale des enfants. \u00a0Les deux artistes, aussi bonnes musiciennes que com\u00e9diennes parviennent, par leur jeu de sc\u00e8ne, leurs regards complices et leurs mimiques, a \u00ab\u00a0scotch\u00e9\u00a0\u00bb litt\u00e9ralement le jeune public durant tout le spectacle, sans un seul mot ! Preuve qu&rsquo;il n&rsquo;est pas n\u00e9cessaire de s&rsquo;aventurer dans de longues phrases pour obtenir une qualit\u00e9 d&rsquo;\u00e9coute parfaite, comme ce fut le cas lors des deux s\u00e9ances ! Le talent fait le reste&#8230; Excellent retour des enseignants.\u00a0\u00bb<\/em><br \/><strong>D\u00e9l\u00e9gation JM France Valence (Auvergne-Rh\u00f4ne-Alpes)<\/strong><\/p>\n<p><em>\u00ab\u00a0<\/em><span><em>Un grand jeu musical, un tr\u00e8s beau spectacle\u00a0! Les deux artistes, \u00e0 la fois musiciennes, com\u00e9diennes et mimes, ont su captiver les \u00e9l\u00e8ves par leurs magnifiques interpr\u00e9tations. Sur la sc\u00e8ne transform\u00e9e en un immense plateau de jeux, le duo virtuose s\u2019affronte en jouant pour le plus grand plaisir des enfants. Un spectacle riche et vari\u00e9 pour un moment inoubliable.\u00a0\u00bb<\/em><br \/><strong>Association JM France Bourgogne Franche-Comt\u00e9<\/strong><\/span><em><\/em><\/p>\n<p><span><strong><\/strong><\/span><\/p>\n<p>[\/et_pb_text][\/et_pb_column][\/et_pb_row][et_pb_row column_structure=\u00a0\u00bb1_2,1_2&Prime; _builder_version=\u00a0\u00bb4.27.4&Prime; _module_preset=\u00a0\u00bbdefault\u00a0\u00bb custom_padding=\u00a0\u00bb|||188px||\u00a0\u00bb global_colors_info=\u00a0\u00bb{}\u00a0\u00bb][et_pb_column type=\u00a0\u00bb1_2&Prime; _builder_version=\u00a0\u00bb4.27.4&Prime; _module_preset=\u00a0\u00bbdefault\u00a0\u00bb global_colors_info=\u00a0\u00bb{}\u00a0\u00bb][et_pb_text _builder_version=\u00a0\u00bb4.27.4&Prime; _module_preset=\u00a0\u00bbdefault\u00a0\u00bb global_colors_info=\u00a0\u00bb{}\u00a0\u00bb]<\/p>\n<h1>Agenda<\/h1>\n<h5><\/h5>\n<h5><strong>Spectacle musical <\/strong><em><strong>Si Fou Mi !<\/strong><\/em><\/h5>\n<p>[\/et_pb_text][et_pb_toggle _builder_version=\u00a0\u00bb4.27.6&Prime; _module_preset=\u00a0\u00bbdefault\u00a0\u00bb width=\u00a0\u00bb100%\u00a0\u00bb custom_padding=\u00a0\u00bb12px||12px|||\u00a0\u00bb global_colors_info=\u00a0\u00bb{}\u00a0\u00bb]<\/p>\n<p><span style=\"color: #000000;\">14-17 avril 2025.<\/span> <span style=\"color: #808080;\">R\u00e9sidence de cr\u00e9ation lumi\u00e8re au Th\u00e9\u00e2tre Le Figuier Pourpre \u2013 Maison de la Po\u00e9sie d\u2019Avignon (84)<\/span><\/p>\n<p><span style=\"color: #000000;\">18 avril 2025 \u00e0 20h.<\/span> <span style=\"color: #808080;\">Avant-premi\u00e8re au Th\u00e9\u00e2tre Le Figuier Pourpre \u2013 Maison de la Po\u00e9sie d\u2019Avignon (84)<\/span><\/p>\n<p><span style=\"color: #000000;\">5-26 juillet 2025 \u00e0 11h05 (rel\u00e2che les mercredis). <span style=\"color: #333333;\">Festival Off d\u2019Avignon 2025 au Th\u00e9\u00e2tre Le Figuier Pourpre \u2013 Maison de la Po\u00e9sie d\u2019Avignon (84)<\/span><\/span><\/p>\n<p><span style=\"color: #000000;\">18-20 septembre 2025.<\/span> R\u00e9sidence de cr\u00e9ation lumi\u00e8re version Jeune Public (coproduction JMFrance) \u00e0 La Sir\u00e8ne, Paris (14e)<\/p>\n<p><span style=\"color: #000000;\">20 septembre 2025 \u00e0 16h.<\/span> Sortie de r\u00e9sidence version Jeune Public \u00e0 La Sir\u00e8ne, Paris (75)<\/p>\n<p><span style=\"color: #000000;\">9 octobre 2025.<\/span> Atrium de Chaville (92)<\/p>\n<p><span style=\"color: #000000;\">21 novembre 2025.<\/span> JM France Bourg-en-Bresse (01)<\/p>\n<p><span style=\"color: #000000;\">4 d\u00e9cembre 2025.<\/span> JM France Valence (26)<\/p>\n<p><span style=\"color: #000000;\">23 janvier 2026.<\/span> JM France Bourgtheroulde (27)<\/p>\n<p><span style=\"color: #000000;\">6 f\u00e9vrier 2026.<\/span> JM France Montbard (21)<\/p>\n<p><span style=\"color: #000000;\">13 f\u00e9vrier 2026.<\/span> JM France : Le Quai 3 &#8211; Le Peq (78)<\/p>\n<p><span style=\"color: #000000;\">15-16 mars 2026.<\/span> JMFrance : Th\u00e9\u00e2tre Les 3 Baudets, Paris (18e)<\/p>\n<p><span style=\"color: #000000;\">2 avril 2026.<\/span> JMF Lillers (62)<\/p>\n<p><span style=\"color: #000000;\">9 avril 2026.<\/span> JMFrance Amboise (37)<\/p>\n<p><strong><span style=\"color: #000000;\">10 juillet 2026.<\/span> Festival Les Musicales de Redon (35)<\/strong><\/p>\n<p><strong><span style=\"color: #000000;\">1er ao\u00fbt 2026.<\/span> Festival Musiques pour faire plaisir (45)<\/strong><\/p>\n<p>[\/et_pb_toggle][\/et_pb_column][et_pb_column type=\u00a0\u00bb1_2&Prime; _builder_version=\u00a0\u00bb4.27.4&Prime; _module_preset=\u00a0\u00bbdefault\u00a0\u00bb global_colors_info=\u00a0\u00bb{}\u00a0\u00bb][et_pb_text _builder_version=\u00a0\u00bb4.27.4&Prime; _module_preset=\u00a0\u00bbdefault\u00a0\u00bb custom_margin=\u00a0\u00bb||22px|||\u00a0\u00bb custom_padding=\u00a0\u00bb9px||3px|||\u00a0\u00bb global_colors_info=\u00a0\u00bb{}\u00a0\u00bb]<\/p>\n<h1>\u00a0<\/h1>\n<h5><strong>Concerts<\/strong><\/h5>\n<p>[\/et_pb_text][et_pb_toggle _builder_version=\u00a0\u00bb4.27.6&Prime; _module_preset=\u00a0\u00bbdefault\u00a0\u00bb custom_padding=\u00a0\u00bb12px||12px|||\u00a0\u00bb global_colors_info=\u00a0\u00bb{}\u00a0\u00bb]<\/p>\n<p><span style=\"color: #000000;\"><em><span style=\"color: #333333;\"><span style=\"color: #000000;\">Sinfon\u00eda Cl\u00e1sica &#8211; 8 f\u00e9vrier 2025.<\/span> Nocturnes de l&rsquo;Aude, Paris 14e<\/span><\/em><\/span><\/p>\n<p><span style=\"color: #000000;\"><em>Soir\u00e9e\u00e9 baroque<\/em> \u2013 31 octobre 2025 \u00e0 19h30.<\/span> Centro de Historias de Zaragoza (Espagne)<\/p>\n<p><span style=\"color: #000000;\"><em>Soir\u00e9e baroque<\/em> \u2013 21 novembre 2025.<\/span> Bourg-en-Bresse (01)<\/p>\n<p><span style=\"color: #000000;\"><em>Soir\u00e9e baroque<\/em> \u2013 27 novembre 2025.<\/span> Maison d\u2019Ile-de-France, Cit\u00e9 Internationale Universitaire de Paris (14e)<\/p>\n<p><span style=\"color: #000000;\"><em>Soir\u00e9e baroque<\/em> &#8211; 11 d\u00e9cembre 2025.<\/span> La Sir\u00e8ne, Paris (14e)<\/p>\n<p><span style=\"color: #000000;\"><em>Sinfon\u00eda Cl\u00e1sica : premiers pas<\/em> \u2013 19 f\u00e9vrier 2026 \u00e0 20h.<\/span> Maison d\u2019Ile-de-France, Cit\u00e9 Internationale Universitaire de Paris (14e)<\/p>\n<p><span style=\"color: #000000;\"><em>Sinfon\u00eda Cl\u00e1sica : premiers pas<\/em> \u2013 21 f\u00e9vrier 2026 \u00e0 19h.<\/span> Centro de Historias de Zaragoza (Espagne)<\/p>\n<p><span style=\"color: #000000;\"><strong><em>Flamencuras<\/em> &#8211; 28 mai 2026 \u00e0 19h30. <span style=\"color: #808080;\">La Cimade (Massy) (91)<\/span><\/strong><\/span><\/p>\n<p><span style=\"color: #000000;\"><strong><em>Flamencuras<\/em><\/strong><strong> &#8211; 3 juin 2026 \u00e0 19h. <\/strong><strong><span style=\"color: #808080;\">Local des Autrices, Paris (11e)<\/span><\/strong><\/span><\/p>\n<p>[\/et_pb_toggle][\/et_pb_column][\/et_pb_row][et_pb_row custom_padding_last_edited=\u00a0\u00bbon|desktop\u00a0\u00bb _builder_version=\u00a0\u00bb4.16&Prime; width=\u00a0\u00bb100%\u00a0\u00bb max_width=\u00a0\u00bb75%\u00a0\u00bb custom_margin=\u00a0\u00bb-1.1%|0px||auto|false|false\u00a0\u00bb custom_margin_tablet=\u00a0\u00bb\u00a0\u00bb custom_margin_phone=\u00a0\u00bb|||10%|false|false\u00a0\u00bb custom_margin_last_edited=\u00a0\u00bbon|desktop\u00a0\u00bb custom_padding=\u00a0\u00bb4px|25%|7px||false|false\u00a0\u00bb custom_padding_tablet=\u00a0\u00bb\u00a0\u00bb custom_padding_phone=\u00a0\u00bb|0%|||false|false\u00a0\u00bb border_width_bottom=\u00a0\u00bb20px\u00a0\u00bb border_color_bottom=\u00a0\u00bb#37407b\u00a0\u00bb global_colors_info=\u00a0\u00bb{}\u00a0\u00bb][et_pb_column type=\u00a0\u00bb4_4&Prime; _builder_version=\u00a0\u00bb4.16&Prime; global_colors_info=\u00a0\u00bb{}\u00a0\u00bb][\/et_pb_column][\/et_pb_row][\/et_pb_section][et_pb_section fb_built=\u00a0\u00bb1&Prime; _builder_version=\u00a0\u00bb4.16&Prime; custom_margin=\u00a0\u00bb||8%||false|false\u00a0\u00bb custom_padding=\u00a0\u00bb3px||4px|||\u00a0\u00bb global_colors_info=\u00a0\u00bb{}\u00a0\u00bb][et_pb_row _builder_version=\u00a0\u00bb4.16&Prime; width=\u00a0\u00bb100%\u00a0\u00bb width_tablet=\u00a0\u00bb\u00a0\u00bb width_phone=\u00a0\u00bb80%\u00a0\u00bb width_last_edited=\u00a0\u00bbon|desktop\u00a0\u00bb max_width=\u00a0\u00bb80%\u00a0\u00bb max_width_tablet=\u00a0\u00bb\u00a0\u00bb max_width_phone=\u00a0\u00bb\u00a0\u00bb max_width_last_edited=\u00a0\u00bbon|desktop\u00a0\u00bb module_alignment=\u00a0\u00bbright\u00a0\u00bb custom_margin=\u00a0\u00bb7px|auto|3%|auto|false|false\u00a0\u00bb custom_margin_tablet=\u00a0\u00bb\u00a0\u00bb custom_margin_phone=\u00a0\u00bb|||10%|false|false\u00a0\u00bb custom_margin_last_edited=\u00a0\u00bbon|desktop\u00a0\u00bb custom_padding=\u00a0\u00bb30px|||||\u00a0\u00bb module_alignment_tablet=\u00a0\u00bb\u00a0\u00bb module_alignment_phone=\u00a0\u00bbcenter\u00a0\u00bb module_alignment_last_edited=\u00a0\u00bbon|desktop\u00a0\u00bb global_colors_info=\u00a0\u00bb{}\u00a0\u00bb][et_pb_column type=\u00a0\u00bb4_4&Prime; _builder_version=\u00a0\u00bb4.16&Prime; global_colors_info=\u00a0\u00bb{}\u00a0\u00bb][et_pb_text _builder_version=\u00a0\u00bb4.27.5&Prime; width=\u00a0\u00bb50%\u00a0\u00bb width_tablet=\u00a0\u00bb\u00a0\u00bb width_phone=\u00a0\u00bb100%\u00a0\u00bb width_last_edited=\u00a0\u00bbon|desktop\u00a0\u00bb custom_margin=\u00a0\u00bb||0px|||\u00a0\u00bb global_colors_info=\u00a0\u00bb{}\u00a0\u00bb]<\/p>\n<h3>Concerts et spectacles 2025<\/h3>\n<p>[\/et_pb_text][et_pb_toggle _builder_version=\u00a0\u00bb4.27.5&Prime; width=\u00a0\u00bb50%\u00a0\u00bb width_tablet=\u00a0\u00bb\u00a0\u00bb width_phone=\u00a0\u00bb100%\u00a0\u00bb width_last_edited=\u00a0\u00bbon|desktop\u00a0\u00bb custom_padding=\u00a0\u00bb13px||15px|||\u00a0\u00bb global_colors_info=\u00a0\u00bb{}\u00a0\u00bb]<\/p>\n<h5><strong><i>Si Fou Mi !<\/i><\/strong><\/h5>\n<p>Janvier \u2013 mars 2025. R\u00e9p\u00e9titions (Acad\u00e9mie de Villecroze, Paris)<\/p>\n<p><span>14-17 avril 2025.<\/span> <span>R\u00e9sidence de cr\u00e9ation lumi\u00e8re au Th\u00e9\u00e2tre Le Figuier Pourpre \u2013 Maison de la Po\u00e9sie d\u2019Avignon (84)<\/span><\/p>\n<p><span>18 avril 2025 \u00e0 20h.<\/span> <span>Avant-premi\u00e8re au Th\u00e9\u00e2tre Le Figuier Pourpre \u2013 Maison de la Po\u00e9sie d\u2019Avignon (84)<\/span><\/p>\n<p><span>5-26 juillet 2025 \u00e0 11h05 (rel\u00e2che les mercredis). Festival Off d\u2019Avignon 2025 au Th\u00e9\u00e2tre Le Figuier Pourpre \u2013 Maison de la Po\u00e9sie d\u2019Avignon (84)<\/span><\/p>\n<p><span>18-20 septembre 2025.<\/span> R\u00e9sidence de cr\u00e9ation lumi\u00e8re version Jeune Public (coproduction JMFrance) \u00e0 La Sir\u00e8ne, Paris (14e)<\/p>\n<p><span>20 septembre 2025 \u00e0 16h.<\/span> Sortie de r\u00e9sidence version Jeune Public \u00e0 La Sir\u00e8ne, Paris (75)<\/p>\n<p><span>9 octobre 2025.<\/span> Atrium de Chaville (92)<\/p>\n<p><span>21 novembre 2025.<\/span> JMFrance Bourg-en-Bresse (01)<\/p>\n<p><span>4 d\u00e9cembre 2025.<\/span> JMFrance Valence (26)<\/p>\n<p>&nbsp;<\/p>\n<h5><strong><i>Concerts\u00a0<\/i><\/strong><\/h5>\n<p><span>8 f\u00e9vrier 2025. Nocturnes de l\u2019Aude, Paris 14e<em> \u2013 Sinfon\u00eda Cl\u00e1sica<\/em><\/span><\/p>\n<p><span>31 octobre 2025 \u00e0 19h30.<\/span> Centro de Historias de Zaragoza (Espagne) &#8211; <span><em>Soir\u00e9e baroque<\/em>\u00a0<\/span><\/p>\n<p><span>21 novembre 2025.<\/span> Bourg-en-Bresse (01) &#8211; <span><em>Soir\u00e9e baroque<\/em>\u00a0<\/span><\/p>\n<p><span>27 novembre 2025.<\/span> Maison d\u2019Ile-de-France, Cit\u00e9 Internationale Universitaire de Paris (14e) &#8211; <span><em>Soir\u00e9e baroque<\/em>\u00a0<\/span><\/p>\n<p>11 d\u00e9cembre 2025. La Sir\u00e8ne, Paris (14e) &#8211; <em>Soir\u00e9e baroque &#8211; Les Quatre Saisons\u00a0<\/em><\/p>\n<p>[\/et_pb_toggle][\/et_pb_column][\/et_pb_row][et_pb_row _builder_version=\u00a0\u00bb4.16&Prime; width=\u00a0\u00bb100%\u00a0\u00bb max_width=\u00a0\u00bb90%\u00a0\u00bb max_width_tablet=\u00a0\u00bb\u00a0\u00bb max_width_phone=\u00a0\u00bb80%\u00a0\u00bb max_width_last_edited=\u00a0\u00bbon|desktop\u00a0\u00bb module_alignment=\u00a0\u00bbright\u00a0\u00bb custom_margin=\u00a0\u00bb|auto||143px||\u00a0\u00bb custom_margin_tablet=\u00a0\u00bb\u00a0\u00bb custom_margin_phone=\u00a0\u00bb|||10%|false|false\u00a0\u00bb custom_margin_last_edited=\u00a0\u00bbon|desktop\u00a0\u00bb custom_padding=\u00a0\u00bb||||false|false\u00a0\u00bb module_alignment_tablet=\u00a0\u00bb\u00a0\u00bb module_alignment_phone=\u00a0\u00bbcenter\u00a0\u00bb module_alignment_last_edited=\u00a0\u00bbon|desktop\u00a0\u00bb global_colors_info=\u00a0\u00bb{}\u00a0\u00bb][et_pb_column type=\u00a0\u00bb4_4&Prime; _builder_version=\u00a0\u00bb4.16&Prime; global_colors_info=\u00a0\u00bb{}\u00a0\u00bb][et_pb_text _builder_version=\u00a0\u00bb4.27.4&Prime; header_3_line_height=\u00a0\u00bb1.3em\u00a0\u00bb width=\u00a0\u00bb50%\u00a0\u00bb width_tablet=\u00a0\u00bb\u00a0\u00bb width_phone=\u00a0\u00bb100%\u00a0\u00bb width_last_edited=\u00a0\u00bbon|desktop\u00a0\u00bb custom_margin=\u00a0\u00bb||-0.2%||false|false\u00a0\u00bb global_colors_info=\u00a0\u00bb{}\u00a0\u00bb]<\/p>\n<h3>Concerts et spectacles 2024<\/h3>\n<p>[\/et_pb_text][et_pb_toggle _builder_version=\u00a0\u00bb4.27.4&Prime; width=\u00a0\u00bb50%\u00a0\u00bb width_tablet=\u00a0\u00bb\u00a0\u00bb width_phone=\u00a0\u00bb100%\u00a0\u00bb width_last_edited=\u00a0\u00bbon|desktop\u00a0\u00bb custom_padding=\u00a0\u00bb13px||15px|||\u00a0\u00bb global_colors_info=\u00a0\u00bb{}\u00a0\u00bb]<\/p>\n<h5><strong><i><span><span style=\"caret-color: rgba(0, 0, 0, 0.74); color: rgba(0, 0, 0, 0.74);\">Cartes<\/span><span style=\"color: rgba(0, 0, 0, 0.74);\"> postales en l&rsquo;air<\/span><\/span><\/i><\/strong><\/h5>\n<p><span style=\"color: #333333;\">9 mars 2024 (Nocturnes de l&rsquo;Aude, Paris 14e)<\/span><\/p>\n<p>&nbsp;<\/p>\n<h5><span style=\"color: rgba(0, 0, 0, 0.74);\"><strong><i>Si Fou Mi !<\/i><\/strong><\/span><\/h5>\n<p><span style=\"color: #333333;\">F\u00e9vrier &#8211; juin 2024. R\u00e9sidences de cr\u00e9ation (Paris)<\/span><\/p>\n<p><span style=\"color: #333333;\">Juillet &#8211; Ao\u00fbt 2024. R\u00e9sidences de cr\u00e9ation (Espagne) et presentation du CD <em>Si Fou Mi !<\/em><\/span><\/p>\n<p><span style=\"color: #333333;\">Septembre &#8211; d\u00e9cembre 2024. R\u00e9sidences de cr\u00e9ation (Paris)\u00a0<\/span><\/p>\n<p>[\/et_pb_toggle][et_pb_code _builder_version=\u00a0\u00bb4.16&Prime; global_colors_info=\u00a0\u00bb{}\u00a0\u00bb]<div class=\"et_social_networks et_social_1col et_social_flip et_social_rectangle et_social_left et_social_nospace et_social_mobile_on et_social_outer_dark\">\n\t\t\t\t\t\n\t\t\t\t\t\n\t\t\t\t\t<ul class=\"et_social_icons_container\"><li class=\"et_social_facebook\">\n\t\t\t\t\t\t<a href=\"https:\/\/www.facebook.com\/gavarnieensemble\/\" class=\"et_social_follow\" data-social_name=\"facebook\" data-social_type=\"follow\" data-post_id=\"0\" target=\"_blank\">\n\t\t\t\t\t\t\t<i class=\"et_social_icon et_social_icon_facebook\"><\/i>\n\t\t\t\t\t\t\t\n\t\t\t\t\t\t\t<span class=\"et_social_overlay\"><\/span>\n\t\t\t\t\t\t<\/a>\n\t\t\t\t\t<\/li><li class=\"et_social_soundcloud\">\n\t\t\t\t\t\t<a href=\"https:\/\/soundcloud.com\/gavarnie-ensemble\" class=\"et_social_follow\" data-social_name=\"soundcloud\" data-social_type=\"follow\" data-post_id=\"0\" target=\"_blank\">\n\t\t\t\t\t\t\t<i class=\"et_social_icon et_social_icon_soundcloud\"><\/i>\n\t\t\t\t\t\t\t\n\t\t\t\t\t\t\t<span class=\"et_social_overlay\"><\/span>\n\t\t\t\t\t\t<\/a>\n\t\t\t\t\t<\/li><li class=\"et_social_youtube\">\n\t\t\t\t\t\t<a href=\"https:\/\/www.youtube.com\/channel\/UCdVHMCeONq3cc6S8354APbg\" class=\"et_social_follow\" data-social_name=\"youtube\" data-social_type=\"follow\" data-post_id=\"0\" target=\"_blank\">\n\t\t\t\t\t\t\t<i class=\"et_social_icon et_social_icon_youtube\"><\/i>\n\t\t\t\t\t\t\t\n\t\t\t\t\t\t\t<span class=\"et_social_overlay\"><\/span>\n\t\t\t\t\t\t<\/a>\n\t\t\t\t\t<\/li><li class=\"et_social_instagram\">\n\t\t\t\t\t\t<a href=\"https:\/\/www.instagram.com\/gavarnie_ensemble\/\" class=\"et_social_follow\" data-social_name=\"instagram\" data-social_type=\"follow\" data-post_id=\"0\" target=\"_blank\">\n\t\t\t\t\t\t\t<i class=\"et_social_icon et_social_icon_instagram\"><\/i>\n\t\t\t\t\t\t\t\n\t\t\t\t\t\t\t<span class=\"et_social_overlay\"><\/span>\n\t\t\t\t\t\t<\/a>\n\t\t\t\t\t<\/li><\/ul>\n\t\t\t\t<\/div>[\/et_pb_code][\/et_pb_column][\/et_pb_row][et_pb_row _builder_version=\u00a0\u00bb4.16&Prime; width=\u00a0\u00bb100%\u00a0\u00bb width_tablet=\u00a0\u00bb\u00a0\u00bb width_phone=\u00a0\u00bb80%\u00a0\u00bb width_last_edited=\u00a0\u00bbon|desktop\u00a0\u00bb max_width=\u00a0\u00bb80%\u00a0\u00bb max_width_tablet=\u00a0\u00bb\u00a0\u00bb max_width_phone=\u00a0\u00bb\u00a0\u00bb max_width_last_edited=\u00a0\u00bbon|desktop\u00a0\u00bb module_alignment=\u00a0\u00bbright\u00a0\u00bb custom_margin=\u00a0\u00bb7px|auto|3%|auto|false|false\u00a0\u00bb custom_margin_tablet=\u00a0\u00bb\u00a0\u00bb custom_margin_phone=\u00a0\u00bb|||10%|false|false\u00a0\u00bb custom_margin_last_edited=\u00a0\u00bbon|desktop\u00a0\u00bb custom_padding=\u00a0\u00bb30px|||||\u00a0\u00bb module_alignment_tablet=\u00a0\u00bb\u00a0\u00bb module_alignment_phone=\u00a0\u00bbcenter\u00a0\u00bb module_alignment_last_edited=\u00a0\u00bbon|desktop\u00a0\u00bb global_colors_info=\u00a0\u00bb{}\u00a0\u00bb][et_pb_column type=\u00a0\u00bb4_4&Prime; _builder_version=\u00a0\u00bb4.16&Prime; global_colors_info=\u00a0\u00bb{}\u00a0\u00bb][et_pb_text _builder_version=\u00a0\u00bb4.23.1&Prime; width=\u00a0\u00bb50%\u00a0\u00bb width_tablet=\u00a0\u00bb\u00a0\u00bb width_phone=\u00a0\u00bb100%\u00a0\u00bb width_last_edited=\u00a0\u00bbon|desktop\u00a0\u00bb custom_margin=\u00a0\u00bb||0px|||\u00a0\u00bb global_colors_info=\u00a0\u00bb{}\u00a0\u00bb]<\/p>\n<h3>Concerts et spectacles 2023<\/h3>\n<p>[\/et_pb_text][et_pb_toggle _builder_version=\u00a0\u00bb4.23.1&Prime; width=\u00a0\u00bb50%\u00a0\u00bb width_tablet=\u00a0\u00bb\u00a0\u00bb width_phone=\u00a0\u00bb100%\u00a0\u00bb width_last_edited=\u00a0\u00bbon|desktop\u00a0\u00bb custom_padding=\u00a0\u00bb13px||15px|||\u00a0\u00bb global_colors_info=\u00a0\u00bb{}\u00a0\u00bb]<\/p>\n<h5><span><strong><i>Les Folies d\u2019Espagne\u00a0<\/i><\/strong><\/span><\/h5>\n<p><span>Avril 2023<\/span>. <span>CMA 13 Hors les Murs (Paris)<\/span><\/p>\n<p><span>Juin 2023. Conservatoire Darius Milhaud d\u2019Antony Hors les Murs (92)<\/span><\/p>\n<p>&nbsp;<\/p>\n<h5><span><strong><i>Si Fou Mi !<\/i><\/strong><\/span><\/h5>\n<p><span>Juillet \u2013 ao\u00fbt 2023. R\u00e9sidences de cr\u00e9ation (Espagne)<\/span><\/p>\n<p><span>Septembre 2023. Enregistrement CD studio Conservatoire de Ch\u00e2tenay-Malabry (92)<\/span><\/p>\n<p><span>Octobre \u2013 novembre 2023. R\u00e9sidences de cr\u00e9ation (Acad\u00e9mie de Villecroze, Paris) <\/span><\/p>\n<p><span>D\u00e9cembre 2023. R\u00e9sidence de creation lumi\u00e8res au Centre Culturel Jean Vilar de Marly-le-Roi (78)\u00a0<\/span><\/p>\n<p>[\/et_pb_toggle][\/et_pb_column][\/et_pb_row][et_pb_row _builder_version=\u00a0\u00bb4.16&Prime; width=\u00a0\u00bb100%\u00a0\u00bb max_width=\u00a0\u00bb70%\u00a0\u00bb max_width_tablet=\u00a0\u00bb\u00a0\u00bb max_width_phone=\u00a0\u00bb80%\u00a0\u00bb max_width_last_edited=\u00a0\u00bbon|desktop\u00a0\u00bb module_alignment=\u00a0\u00bbright\u00a0\u00bb custom_margin=\u00a0\u00bb||3%||false|false\u00a0\u00bb custom_margin_tablet=\u00a0\u00bb\u00a0\u00bb custom_margin_phone=\u00a0\u00bb|||10%|false|false\u00a0\u00bb custom_margin_last_edited=\u00a0\u00bbon|desktop\u00a0\u00bb module_alignment_tablet=\u00a0\u00bb\u00a0\u00bb module_alignment_phone=\u00a0\u00bbcenter\u00a0\u00bb module_alignment_last_edited=\u00a0\u00bbon|desktop\u00a0\u00bb global_colors_info=\u00a0\u00bb{}\u00a0\u00bb][et_pb_column type=\u00a0\u00bb4_4&Prime; _builder_version=\u00a0\u00bb4.16&Prime; global_colors_info=\u00a0\u00bb{}\u00a0\u00bb][et_pb_text _builder_version=\u00a0\u00bb4.19.0&Prime; header_3_line_height=\u00a0\u00bb1.3em\u00a0\u00bb width=\u00a0\u00bb50%\u00a0\u00bb width_tablet=\u00a0\u00bb\u00a0\u00bb width_phone=\u00a0\u00bb100%\u00a0\u00bb width_last_edited=\u00a0\u00bbon|desktop\u00a0\u00bb custom_margin=\u00a0\u00bb||0%||false|false\u00a0\u00bb global_colors_info=\u00a0\u00bb{}\u00a0\u00bb]<\/p>\n<h3>Concerts et spectacles 2022<\/h3>\n<p>[\/et_pb_text][et_pb_toggle _builder_version=\u00a0\u00bb4.23.1&Prime; width=\u00a0\u00bb50%\u00a0\u00bb width_tablet=\u00a0\u00bb\u00a0\u00bb width_phone=\u00a0\u00bb100%\u00a0\u00bb width_last_edited=\u00a0\u00bbon|desktop\u00a0\u00bb custom_padding=\u00a0\u00bb14px||16px|||\u00a0\u00bb global_colors_info=\u00a0\u00bb{}\u00a0\u00bb]<\/p>\n<h5><span><strong><i>Si Fou Mi !<\/i><\/strong><\/span><\/h5>\n<p><span>Janvier 2022 &#8211; D\u00e9cembre 2022. Nouveau spectacle en cr\u00e9ation<\/span><span><\/span><\/p>\n<p><span><\/span><\/p>\n<h5><span><strong><i>Les Folies d\u2019Espagne<\/i><\/strong><\/span><\/h5>\n<p><span>Septembre 2022. Enregistrement clip<\/span><\/p>\n<p>[\/et_pb_toggle][\/et_pb_column][\/et_pb_row][et_pb_row _builder_version=\u00a0\u00bb4.16&Prime; width=\u00a0\u00bb100%\u00a0\u00bb width_tablet=\u00a0\u00bb\u00a0\u00bb width_phone=\u00a0\u00bb80%\u00a0\u00bb width_last_edited=\u00a0\u00bbon|desktop\u00a0\u00bb max_width=\u00a0\u00bb80%\u00a0\u00bb max_width_tablet=\u00a0\u00bb\u00a0\u00bb max_width_phone=\u00a0\u00bb\u00a0\u00bb max_width_last_edited=\u00a0\u00bbon|desktop\u00a0\u00bb module_alignment=\u00a0\u00bbright\u00a0\u00bb custom_margin=\u00a0\u00bb7px|auto|3%|auto|false|false\u00a0\u00bb custom_margin_tablet=\u00a0\u00bb\u00a0\u00bb custom_margin_phone=\u00a0\u00bb|||10%|false|false\u00a0\u00bb custom_margin_last_edited=\u00a0\u00bbon|desktop\u00a0\u00bb custom_padding=\u00a0\u00bb30px|||||\u00a0\u00bb module_alignment_tablet=\u00a0\u00bb\u00a0\u00bb module_alignment_phone=\u00a0\u00bbcenter\u00a0\u00bb module_alignment_last_edited=\u00a0\u00bbon|desktop\u00a0\u00bb global_colors_info=\u00a0\u00bb{}\u00a0\u00bb][et_pb_column type=\u00a0\u00bb4_4&Prime; _builder_version=\u00a0\u00bb4.16&Prime; global_colors_info=\u00a0\u00bb{}\u00a0\u00bb][et_pb_text _builder_version=\u00a0\u00bb4.19.0&Prime; width=\u00a0\u00bb50%\u00a0\u00bb width_tablet=\u00a0\u00bb\u00a0\u00bb width_phone=\u00a0\u00bb100%\u00a0\u00bb width_last_edited=\u00a0\u00bbon|desktop\u00a0\u00bb custom_margin=\u00a0\u00bb||0px|||\u00a0\u00bb global_colors_info=\u00a0\u00bb{}\u00a0\u00bb]<\/p>\n<h3>Concerts et spectacles 2021<\/h3>\n<p>[\/et_pb_text][et_pb_toggle _builder_version=\u00a0\u00bb4.16&Prime; width=\u00a0\u00bb50%\u00a0\u00bb width_tablet=\u00a0\u00bb\u00a0\u00bb width_phone=\u00a0\u00bb100%\u00a0\u00bb width_last_edited=\u00a0\u00bbon|desktop\u00a0\u00bb custom_padding=\u00a0\u00bb13px||15px|||\u00a0\u00bb global_colors_info=\u00a0\u00bb{}\u00a0\u00bb]<\/p>\n<h5><span><strong><span style=\"caret-color: rgba(0, 0, 0, 0.74); color: rgba(0, 0, 0, 0.74);\"><i>Cartes<\/i><\/span><i style=\"color: rgba(0, 0, 0, 0.74);\">\u00a0postales en l&rsquo;air<\/i><\/strong><\/span><\/h5>\n<p><span style=\"color: #333333;\">28 f\u00e9vrier 2021<\/span>. Centro Cultural Manuel Benito Moliner (Huesca, Espagne)<\/p>\n<p><span style=\"color: #333333;\">2 avril 2021<\/span>. \u00c9cole K\u00fcss (Paris, 13e)<\/p>\n<p><span style=\"color: #333333;\">15 juillet 2021<\/span>. CaixaForum Zaragoza (Saragosse, Espagne)<\/p>\n<p><span style=\"color: #333333;\">26 ao\u00fbt 2021<\/span>. CaixaForum Zaragoza (Saragosse, Espagne)<\/p>\n<p><span style=\"color: #333333;\">15 d\u00e9cembre 2021<\/span>.\u00a0EHPAD \u00abLes jardins d\u2019Iroise\u00bb (Paris, 13e)<\/p>\n<p>&nbsp;<\/p>\n<h5><span style=\"color: rgba(0, 0, 0, 0.74);\"><strong><i>Tout, sauf venir pour terminer<\/i><\/strong><\/span><\/h5>\n<p><span style=\"color: #333333;\">6 mai 2021<\/span>. Auditorium Conservatoire de Savigny-sur-Orge (91)<\/p>\n<p>&nbsp;<\/p>\n<h5><span style=\"color: rgba(0, 0, 0, 0.74);\"><strong><i>Cin\u00e9-concert The Kid<\/i><\/strong><\/span><\/h5>\n<p><span style=\"color: #333333;\">10 juillet 2021<\/span>. Festival EnClaves (Sesa, Espagne)<\/p>\n<p><span style=\"color: #333333;\">23 novembre 2021<\/span>. Auditorium Conservatoire Maurice Ravel (Paris 13e)<\/p>\n<p>&nbsp;<\/p>\n<h5><span style=\"color: rgba(0, 0, 0, 0.74);\"><strong><i>Toxique : 875<\/i><\/strong><\/span><\/h5>\n<p><span style=\"color: #333333;\">25 octobre 2021<\/span>. Cit\u00e9 Internationale des Arts (Paris 4e)<\/p>\n<p>[\/et_pb_toggle][\/et_pb_column][\/et_pb_row][et_pb_row _builder_version=\u00a0\u00bb4.16&Prime; width=\u00a0\u00bb100%\u00a0\u00bb max_width=\u00a0\u00bb90%\u00a0\u00bb max_width_tablet=\u00a0\u00bb\u00a0\u00bb max_width_phone=\u00a0\u00bb80%\u00a0\u00bb max_width_last_edited=\u00a0\u00bbon|desktop\u00a0\u00bb module_alignment=\u00a0\u00bbright\u00a0\u00bb custom_margin=\u00a0\u00bb|auto||143px||\u00a0\u00bb custom_margin_tablet=\u00a0\u00bb\u00a0\u00bb custom_margin_phone=\u00a0\u00bb|||10%|false|false\u00a0\u00bb custom_margin_last_edited=\u00a0\u00bbon|desktop\u00a0\u00bb custom_padding=\u00a0\u00bb||||false|false\u00a0\u00bb module_alignment_tablet=\u00a0\u00bb\u00a0\u00bb module_alignment_phone=\u00a0\u00bbcenter\u00a0\u00bb module_alignment_last_edited=\u00a0\u00bbon|desktop\u00a0\u00bb global_colors_info=\u00a0\u00bb{}\u00a0\u00bb][et_pb_column type=\u00a0\u00bb4_4&Prime; _builder_version=\u00a0\u00bb4.16&Prime; global_colors_info=\u00a0\u00bb{}\u00a0\u00bb][et_pb_text _builder_version=\u00a0\u00bb4.19.0&Prime; header_3_line_height=\u00a0\u00bb1.3em\u00a0\u00bb width=\u00a0\u00bb50%\u00a0\u00bb width_tablet=\u00a0\u00bb\u00a0\u00bb width_phone=\u00a0\u00bb100%\u00a0\u00bb width_last_edited=\u00a0\u00bbon|desktop\u00a0\u00bb custom_margin=\u00a0\u00bb||-0.2%||false|false\u00a0\u00bb global_colors_info=\u00a0\u00bb{}\u00a0\u00bb]<\/p>\n<h3>Concerts et spectacles 2020<\/h3>\n<p>[\/et_pb_text][et_pb_toggle _builder_version=\u00a0\u00bb4.16&Prime; width=\u00a0\u00bb50%\u00a0\u00bb width_tablet=\u00a0\u00bb\u00a0\u00bb width_phone=\u00a0\u00bb100%\u00a0\u00bb width_last_edited=\u00a0\u00bbon|desktop\u00a0\u00bb custom_padding=\u00a0\u00bb13px||15px|||\u00a0\u00bb global_colors_info=\u00a0\u00bb{}\u00a0\u00bb]<\/p>\n<h5><span style=\"color: rgba(0, 0, 0, 0.74);\"><em><strong>Cartes postales en l&rsquo;air<\/strong><\/em><\/span><\/h5>\n<p><span style=\"color: #333333;\">09 d\u00e9cembre 2020<\/span>. \u00c9cole Levassor (Paris 13e).<\/p>\n<p>[\/et_pb_toggle][et_pb_code _builder_version=\u00a0\u00bb4.16&Prime; global_colors_info=\u00a0\u00bb{}\u00a0\u00bb]<div class=\"et_social_networks et_social_1col et_social_flip et_social_rectangle et_social_left et_social_nospace et_social_mobile_on et_social_outer_dark\">\n\t\t\t\t\t\n\t\t\t\t\t\n\t\t\t\t\t<ul class=\"et_social_icons_container\"><li class=\"et_social_facebook\">\n\t\t\t\t\t\t<a href=\"https:\/\/www.facebook.com\/gavarnieensemble\/\" class=\"et_social_follow\" data-social_name=\"facebook\" data-social_type=\"follow\" data-post_id=\"0\" target=\"_blank\">\n\t\t\t\t\t\t\t<i class=\"et_social_icon et_social_icon_facebook\"><\/i>\n\t\t\t\t\t\t\t\n\t\t\t\t\t\t\t<span class=\"et_social_overlay\"><\/span>\n\t\t\t\t\t\t<\/a>\n\t\t\t\t\t<\/li><li class=\"et_social_soundcloud\">\n\t\t\t\t\t\t<a href=\"https:\/\/soundcloud.com\/gavarnie-ensemble\" class=\"et_social_follow\" data-social_name=\"soundcloud\" data-social_type=\"follow\" data-post_id=\"0\" target=\"_blank\">\n\t\t\t\t\t\t\t<i class=\"et_social_icon et_social_icon_soundcloud\"><\/i>\n\t\t\t\t\t\t\t\n\t\t\t\t\t\t\t<span class=\"et_social_overlay\"><\/span>\n\t\t\t\t\t\t<\/a>\n\t\t\t\t\t<\/li><li class=\"et_social_youtube\">\n\t\t\t\t\t\t<a href=\"https:\/\/www.youtube.com\/channel\/UCdVHMCeONq3cc6S8354APbg\" class=\"et_social_follow\" data-social_name=\"youtube\" data-social_type=\"follow\" data-post_id=\"0\" target=\"_blank\">\n\t\t\t\t\t\t\t<i class=\"et_social_icon et_social_icon_youtube\"><\/i>\n\t\t\t\t\t\t\t\n\t\t\t\t\t\t\t<span class=\"et_social_overlay\"><\/span>\n\t\t\t\t\t\t<\/a>\n\t\t\t\t\t<\/li><li class=\"et_social_instagram\">\n\t\t\t\t\t\t<a href=\"https:\/\/www.instagram.com\/gavarnie_ensemble\/\" class=\"et_social_follow\" data-social_name=\"instagram\" data-social_type=\"follow\" data-post_id=\"0\" target=\"_blank\">\n\t\t\t\t\t\t\t<i class=\"et_social_icon et_social_icon_instagram\"><\/i>\n\t\t\t\t\t\t\t\n\t\t\t\t\t\t\t<span class=\"et_social_overlay\"><\/span>\n\t\t\t\t\t\t<\/a>\n\t\t\t\t\t<\/li><\/ul>\n\t\t\t\t<\/div>[\/et_pb_code][\/et_pb_column][\/et_pb_row][et_pb_row _builder_version=\u00a0\u00bb4.16&Prime; width=\u00a0\u00bb100%\u00a0\u00bb width_tablet=\u00a0\u00bb\u00a0\u00bb width_phone=\u00a0\u00bb80%\u00a0\u00bb width_last_edited=\u00a0\u00bbon|desktop\u00a0\u00bb max_width=\u00a0\u00bb80%\u00a0\u00bb max_width_tablet=\u00a0\u00bb\u00a0\u00bb max_width_phone=\u00a0\u00bb\u00a0\u00bb max_width_last_edited=\u00a0\u00bbon|desktop\u00a0\u00bb module_alignment=\u00a0\u00bbright\u00a0\u00bb custom_margin=\u00a0\u00bb7px|auto|3%|auto|false|false\u00a0\u00bb custom_margin_tablet=\u00a0\u00bb\u00a0\u00bb custom_margin_phone=\u00a0\u00bb|||10%|false|false\u00a0\u00bb custom_margin_last_edited=\u00a0\u00bbon|desktop\u00a0\u00bb custom_padding=\u00a0\u00bb30px|||||\u00a0\u00bb module_alignment_tablet=\u00a0\u00bb\u00a0\u00bb module_alignment_phone=\u00a0\u00bbcenter\u00a0\u00bb module_alignment_last_edited=\u00a0\u00bbon|desktop\u00a0\u00bb global_colors_info=\u00a0\u00bb{}\u00a0\u00bb][et_pb_column type=\u00a0\u00bb4_4&Prime; _builder_version=\u00a0\u00bb4.16&Prime; global_colors_info=\u00a0\u00bb{}\u00a0\u00bb][et_pb_text _builder_version=\u00a0\u00bb4.16&Prime; width=\u00a0\u00bb50%\u00a0\u00bb width_tablet=\u00a0\u00bb\u00a0\u00bb width_phone=\u00a0\u00bb100%\u00a0\u00bb width_last_edited=\u00a0\u00bbon|desktop\u00a0\u00bb custom_margin=\u00a0\u00bb||0px|||\u00a0\u00bb global_colors_info=\u00a0\u00bb{}\u00a0\u00bb]<\/p>\n<h3>Concerts et spectacles 2019<\/h3>\n<p>[\/et_pb_text][et_pb_toggle _builder_version=\u00a0\u00bb4.16&Prime; width=\u00a0\u00bb50%\u00a0\u00bb width_tablet=\u00a0\u00bb\u00a0\u00bb width_phone=\u00a0\u00bb100%\u00a0\u00bb width_last_edited=\u00a0\u00bbon|desktop\u00a0\u00bb custom_padding=\u00a0\u00bb13px||15px|||\u00a0\u00bb global_colors_info=\u00a0\u00bb{}\u00a0\u00bb]<\/p>\n<h5><span style=\"color: rgba(0, 0, 0, 0.74);\"><a style=\"color: rgba(0, 0, 0, 0.74);\" href=\"https:\/\/gavarnie-ensemble.com\/fr\/concerts-et-spectacles\/\" target=\"_blank\" rel=\"noopener noreferrer\"><em><strong>Cartes postales en l&rsquo;air<\/strong><\/em><\/a><\/span><\/h5>\n<p><span style=\"color: #333333;\">21 juin 2019<\/span>. <em>Profils d&rsquo;\u00e9t\u00e9. Cartes postales musicales inspir\u00e9es par Dal\u00ed. <\/em>Paris, Paris 18e<\/p>\n<p><span style=\"color: #333333;\">12 juillet 2019<\/span>. VII Festival EnClaves. Huesca (Espagne)<\/p>\n<p>&nbsp;<\/p>\n<h5><span style=\"color: rgba(0, 0, 0, 0.74);\"><a style=\"color: rgba(0, 0, 0, 0.74);\" href=\"https:\/\/gavarnie-ensemble.com\/fr\/concerts-et-spectacles\/\" target=\"_blank\" rel=\"noopener noreferrer\"><em><strong>Les bois en miroir<\/strong><\/em><\/a><\/span><\/h5>\n<p><span style=\"color: #333333;\">19 janvier 2019<\/span>. Maison de Portugal. Cit\u00e9 Internationale Univeritaire de Paris<\/p>\n<p><span style=\"color: #333333;\">24 janvier 2019<\/span>. Maison de l\u00b4Argentine. Cit\u00e9 Internationale Univeritaire de Paris<\/p>\n<p>&nbsp;<\/p>\n<h5><span style=\"color: rgba(0, 0, 0, 0.74);\"><a style=\"color: rgba(0, 0, 0, 0.74);\" href=\"https:\/\/gavarnie-ensemble.com\/fr\/concerts-et-spectacles\/\" target=\"_blank\" rel=\"noopener noreferrer\"><em><strong>Miranf\u00fa, l&rsquo;histoire d&rsquo;un chat qui n&rsquo;avait pas de pr\u00e9nom<\/strong><\/em><\/a><\/span><\/h5>\n<p><span style=\"color: #333333;\">8 f\u00e9vrier 2019<\/span>. Auditorium du Conservatoire Paul Dukas. Paris<\/p>\n<p><span style=\"color: #333333;\">8 avril 2019<\/span>. Auditorium du Conservatoire Claude Debussy. Paris<\/p>\n<p>&nbsp;<\/p>\n<h5><span style=\"color: rgba(0, 0, 0, 0.74);\"><a style=\"color: rgba(0, 0, 0, 0.74);\" href=\"https:\/\/gavarnie-ensemble.com\/fr\/concerts-et-spectacles\/\" target=\"_blank\" rel=\"noopener noreferrer\"><em><strong>Summer music<\/strong><\/em><\/a><\/span><\/h5>\n<p><span style=\"color: #333333;\">23 ao\u00fbt 2019<\/span>. XXVI Festival M\u00fasica en el Museo del Foro Romano. Foro Romano de Zaragoza (Espagne)<\/p>\n<p>&nbsp;<\/p>\n<h5><span style=\"color: rgba(0, 0, 0, 0.74);\"><a style=\"color: rgba(0, 0, 0, 0.74);\" href=\"https:\/\/gavarnie-ensemble.com\/fr\/concerts-et-spectacles\/\" target=\"_blank\" rel=\"noopener noreferrer\"><em><strong>Tout, sauf venir pour terminer <\/strong><\/em><strong>&#8211; (premi\u00e8re version)<\/strong><\/a><\/span><\/h5>\n<p><span style=\"color: #333333;\">18 octobre 2019<\/span>.\u00a0IX Rencontre Transfrontali\u00e8re des Associations de M\u00e9moire Historique, D\u00e9mocratique et Antifasciste.\u00a0Canfranc (Espagne)<\/p>\n<p>&nbsp;<\/p>\n<h5><span style=\"color: rgba(0, 0, 0, 0.74);\"><strong><i>Cin\u00e9-Concert The Phantom of the Opera<\/i><\/strong><\/span><\/h5>\n<p><span style=\"color: #333333;\">14 juillet 2019<\/span>. XlX Jornadas de Cine Mudo de Uncastillo. Uncastillo (Espagne)<\/p>\n<p>&nbsp;<\/p>\n<h5><span style=\"color: rgba(0, 0, 0, 0.74);\"><strong><i>D&rsquo;autres concerts<\/i><\/strong><\/span><\/h5>\n<p><span style=\"color: #333333;\">29 d\u00e9cembre 2019<\/span>. Concert de pr\u00e9sentation CD\u00a0<em>Music for bassoon and piano.\u00a0<\/em>Sal\u00f3n Azul del Casino. Huesca (Espagne)<\/p>\n<p>&nbsp;<\/p>\n<p>[\/et_pb_toggle][\/et_pb_column][\/et_pb_row][et_pb_row _builder_version=\u00a0\u00bb4.16&Prime; width=\u00a0\u00bb100%\u00a0\u00bb max_width=\u00a0\u00bb70%\u00a0\u00bb max_width_tablet=\u00a0\u00bb\u00a0\u00bb max_width_phone=\u00a0\u00bb80%\u00a0\u00bb max_width_last_edited=\u00a0\u00bbon|desktop\u00a0\u00bb module_alignment=\u00a0\u00bbright\u00a0\u00bb custom_margin=\u00a0\u00bb||3%||false|false\u00a0\u00bb custom_margin_tablet=\u00a0\u00bb\u00a0\u00bb custom_margin_phone=\u00a0\u00bb|||10%|false|false\u00a0\u00bb custom_margin_last_edited=\u00a0\u00bbon|desktop\u00a0\u00bb module_alignment_tablet=\u00a0\u00bb\u00a0\u00bb module_alignment_phone=\u00a0\u00bbcenter\u00a0\u00bb module_alignment_last_edited=\u00a0\u00bbon|desktop\u00a0\u00bb global_colors_info=\u00a0\u00bb{}\u00a0\u00bb][et_pb_column type=\u00a0\u00bb4_4&Prime; _builder_version=\u00a0\u00bb4.16&Prime; global_colors_info=\u00a0\u00bb{}\u00a0\u00bb][et_pb_text _builder_version=\u00a0\u00bb4.16&Prime; header_3_line_height=\u00a0\u00bb1.3em\u00a0\u00bb width=\u00a0\u00bb50%\u00a0\u00bb width_tablet=\u00a0\u00bb\u00a0\u00bb width_phone=\u00a0\u00bb100%\u00a0\u00bb width_last_edited=\u00a0\u00bbon|desktop\u00a0\u00bb custom_margin=\u00a0\u00bb||0%||false|false\u00a0\u00bb global_colors_info=\u00a0\u00bb{}\u00a0\u00bb]<\/p>\n<h3>Concerts et spectacles 2018<\/h3>\n<p>[\/et_pb_text][et_pb_toggle _builder_version=\u00a0\u00bb4.16&Prime; width=\u00a0\u00bb50%\u00a0\u00bb width_tablet=\u00a0\u00bb\u00a0\u00bb width_phone=\u00a0\u00bb100%\u00a0\u00bb width_last_edited=\u00a0\u00bbon|desktop\u00a0\u00bb custom_padding=\u00a0\u00bb14px||16px|||\u00a0\u00bb global_colors_info=\u00a0\u00bb{}\u00a0\u00bb]<\/p>\n<h5><span style=\"color: rgba(0, 0, 0, 0.74);\"><a style=\"color: rgba(0, 0, 0, 0.74);\" href=\"https:\/\/gavarnie-ensemble.com\/fr\/concerts-et-spectacles\/\" target=\"_blank\" rel=\"noopener noreferrer\"><em><strong>Les bois en miroir<\/strong><\/em><\/a><\/span><\/h5>\n<p><span style=\"color: #333333;\">26 juillet 2018<\/span>. Sal\u00f3n Azul. Huesca (Espagne)<\/p>\n<p><span style=\"color: #333333;\">27 juillet 2018<\/span>. XXV Festival M\u00fasica en el Museo del Foro Romano. Foro Romano de Zaragoza (Espagne)<\/p>\n<p>&nbsp;<\/p>\n<h5><span style=\"color: rgba(0, 0, 0, 0.74);\"><em><strong>Miranf\u00fa, hommage \u00e0 la compositrice Mar\u00eda Rodrigo Bellido<\/strong><\/em><\/span><\/h5>\n<p><span style=\"color: #333333;\">24 mars 2018<\/span>. Homenaje a la compositora Mar\u00eda Rodrigo Bellido. Ciclo sobre memoria democr\u00e1tica \u00ab\u00a0Huesca 1938-1978. Guerra, dictadura, democracia\u00a0\u00bb. Sal\u00f3n Azul. Huesca (Espagne)<\/p>\n<p><span style=\"color: #333333;\">05\u00a0octobre 2018<\/span>. Homenaje a la compositora Mar\u00eda Rodrigo Bellido. Oloron (France)<\/p>\n<p><span style=\"color: #333333;\">19 octobre 2018<\/span>. Homenaje a la compositora Mar\u00eda Rodrigo Bellido. Salamanca (Espagne)<\/p>\n<p>&nbsp;<\/p>\n<h5><span style=\"color: rgba(0, 0, 0, 0.74);\"><strong><i>Cin\u00e9-Concert A page of madness<\/i><\/strong><\/span><\/h5>\n<p><span style=\"color: #333333;\">14 juillet 2018<\/span>. XVIII Jornadas de Cine Mudo de Uncastillo. Sal\u00f3n de Congresos San Miguel de Uncastillo. Zaragoza (Espagne)<\/p>\n<p>&nbsp;<\/p>\n<p>[\/et_pb_toggle][\/et_pb_column][\/et_pb_row][et_pb_row _builder_version=\u00a0\u00bb4.16&Prime; width=\u00a0\u00bb100%\u00a0\u00bb max_width=\u00a0\u00bb90%\u00a0\u00bb max_width_tablet=\u00a0\u00bb\u00a0\u00bb max_width_phone=\u00a0\u00bb80%\u00a0\u00bb max_width_last_edited=\u00a0\u00bbon|desktop\u00a0\u00bb module_alignment=\u00a0\u00bbright\u00a0\u00bb custom_margin=\u00a0\u00bb|auto||143px||\u00a0\u00bb custom_margin_tablet=\u00a0\u00bb\u00a0\u00bb custom_margin_phone=\u00a0\u00bb|||10%|false|false\u00a0\u00bb custom_margin_last_edited=\u00a0\u00bbon|desktop\u00a0\u00bb module_alignment_tablet=\u00a0\u00bb\u00a0\u00bb module_alignment_phone=\u00a0\u00bbcenter\u00a0\u00bb module_alignment_last_edited=\u00a0\u00bbon|desktop\u00a0\u00bb global_colors_info=\u00a0\u00bb{}\u00a0\u00bb][et_pb_column type=\u00a0\u00bb4_4&Prime; _builder_version=\u00a0\u00bb4.16&Prime; global_colors_info=\u00a0\u00bb{}\u00a0\u00bb][et_pb_text _builder_version=\u00a0\u00bb4.16&Prime; header_3_line_height=\u00a0\u00bb1.3em\u00a0\u00bb width=\u00a0\u00bb50%\u00a0\u00bb width_tablet=\u00a0\u00bb\u00a0\u00bb width_phone=\u00a0\u00bb100%\u00a0\u00bb width_last_edited=\u00a0\u00bbon|desktop\u00a0\u00bb custom_margin=\u00a0\u00bb||-0.2%||false|false\u00a0\u00bb global_colors_info=\u00a0\u00bb{}\u00a0\u00bb]<\/p>\n<h3>Concerts et spectacles 2017<\/h3>\n<p>[\/et_pb_text][et_pb_toggle _builder_version=\u00a0\u00bb4.16&Prime; width=\u00a0\u00bb50%\u00a0\u00bb width_tablet=\u00a0\u00bb\u00a0\u00bb width_phone=\u00a0\u00bb100%\u00a0\u00bb width_last_edited=\u00a0\u00bbon|desktop\u00a0\u00bb custom_padding=\u00a0\u00bb13px||15px|||\u00a0\u00bb global_colors_info=\u00a0\u00bb{}\u00a0\u00bb]<\/p>\n<h5><span style=\"color: rgba(0, 0, 0, 0.74);\"><em><strong>Pi\u00e8ces pour fl\u00fbte, basson et piano<\/strong><\/em><\/span><\/h5>\n<p><span style=\"color: #333333;\">04 ao\u00fbt 2017<\/span>. XXIV Festival M\u00fasica en el Museo del Foro Romano. Foro Romano de Zaragoza (Espagne)<\/p>\n<p>&nbsp;<\/p>\n<h5><span style=\"color: rgba(0, 0, 0, 0.74);\"><em><strong>Miranf\u00fa, en cl\u00e9 po\u00e9tique<\/strong><\/em><\/span><\/h5>\n<p><span style=\"color: #333333;\">06 ao\u00fbt 2017<\/span>. En clave po\u00e9tica (Festival Matarranya Intim 2017). Ermita de la Misericordia de Cretas. Teruel (Espagne)<\/p>\n<p>&nbsp;<\/p>\n<p>[\/et_pb_toggle][et_pb_code _builder_version=\u00a0\u00bb4.16&Prime; global_colors_info=\u00a0\u00bb{}\u00a0\u00bb]<div class=\"et_social_networks et_social_1col et_social_flip et_social_rectangle et_social_left et_social_nospace et_social_mobile_on et_social_outer_dark\">\n\t\t\t\t\t\n\t\t\t\t\t\n\t\t\t\t\t<ul class=\"et_social_icons_container\"><li class=\"et_social_facebook\">\n\t\t\t\t\t\t<a href=\"https:\/\/www.facebook.com\/gavarnieensemble\/\" class=\"et_social_follow\" data-social_name=\"facebook\" data-social_type=\"follow\" data-post_id=\"0\" target=\"_blank\">\n\t\t\t\t\t\t\t<i class=\"et_social_icon et_social_icon_facebook\"><\/i>\n\t\t\t\t\t\t\t\n\t\t\t\t\t\t\t<span class=\"et_social_overlay\"><\/span>\n\t\t\t\t\t\t<\/a>\n\t\t\t\t\t<\/li><li class=\"et_social_soundcloud\">\n\t\t\t\t\t\t<a href=\"https:\/\/soundcloud.com\/gavarnie-ensemble\" class=\"et_social_follow\" data-social_name=\"soundcloud\" data-social_type=\"follow\" data-post_id=\"0\" target=\"_blank\">\n\t\t\t\t\t\t\t<i class=\"et_social_icon et_social_icon_soundcloud\"><\/i>\n\t\t\t\t\t\t\t\n\t\t\t\t\t\t\t<span class=\"et_social_overlay\"><\/span>\n\t\t\t\t\t\t<\/a>\n\t\t\t\t\t<\/li><li class=\"et_social_youtube\">\n\t\t\t\t\t\t<a href=\"https:\/\/www.youtube.com\/channel\/UCdVHMCeONq3cc6S8354APbg\" class=\"et_social_follow\" data-social_name=\"youtube\" data-social_type=\"follow\" data-post_id=\"0\" target=\"_blank\">\n\t\t\t\t\t\t\t<i class=\"et_social_icon et_social_icon_youtube\"><\/i>\n\t\t\t\t\t\t\t\n\t\t\t\t\t\t\t<span class=\"et_social_overlay\"><\/span>\n\t\t\t\t\t\t<\/a>\n\t\t\t\t\t<\/li><li class=\"et_social_instagram\">\n\t\t\t\t\t\t<a href=\"https:\/\/www.instagram.com\/gavarnie_ensemble\/\" class=\"et_social_follow\" data-social_name=\"instagram\" data-social_type=\"follow\" data-post_id=\"0\" target=\"_blank\">\n\t\t\t\t\t\t\t<i class=\"et_social_icon et_social_icon_instagram\"><\/i>\n\t\t\t\t\t\t\t\n\t\t\t\t\t\t\t<span class=\"et_social_overlay\"><\/span>\n\t\t\t\t\t\t<\/a>\n\t\t\t\t\t<\/li><\/ul>\n\t\t\t\t<\/div>[\/et_pb_code][\/et_pb_column][\/et_pb_row][\/et_pb_section][et_pb_section fb_built=\u00a0\u00bb1&Prime; _builder_version=\u00a0\u00bb4.16&Prime; background_color=\u00a0\u00bbrgba(0,0,0,0)\u00a0\u00bb width=\u00a0\u00bb90%\u00a0\u00bb max_width=\u00a0\u00bb100%\u00a0\u00bb module_alignment=\u00a0\u00bbright\u00a0\u00bb custom_margin=\u00a0\u00bb||-33px||false|false\u00a0\u00bb custom_padding=\u00a0\u00bb4.6%||||false|false\u00a0\u00bb border_width_top=\u00a0\u00bb4px\u00a0\u00bb border_color_top=\u00a0\u00bb#e7ac52&Prime; saved_tabs=\u00a0\u00bball\u00a0\u00bb global_colors_info=\u00a0\u00bb{}\u00a0\u00bb][et_pb_row column_structure=\u00a0\u00bb1_4,1_4,1_4,1_4&Prime; _builder_version=\u00a0\u00bb4.27.4&Prime; width=\u00a0\u00bb100%\u00a0\u00bb max_width=\u00a0\u00bb100%\u00a0\u00bb custom_margin=\u00a0\u00bb10px||||false|false\u00a0\u00bb custom_padding=\u00a0\u00bb0px|40px||||\u00a0\u00bb collapsed=\u00a0\u00bboff\u00a0\u00bb global_colors_info=\u00a0\u00bb{}\u00a0\u00bb][et_pb_column type=\u00a0\u00bb1_4&Prime; _builder_version=\u00a0\u00bb4.16&Prime; global_colors_info=\u00a0\u00bb{}\u00a0\u00bb][et_pb_text _builder_version=\u00a0\u00bb4.27.4&Prime; text_font_size=\u00a0\u00bb12px\u00a0\u00bb header_3_font_size=\u00a0\u00bb14px\u00a0\u00bb global_colors_info=\u00a0\u00bb{}\u00a0\u00bb]<\/p>\n<h3><span style=\"color: #000000;\"><strong>Contact<\/strong><\/span><\/h3>\n<p>&nbsp;<\/p>\n<p><span style=\"color: #000000;\">GAVARNIE ENSEMBLE<\/span><br \/><span style=\"color: #000000;\">19 rue Ternaux<\/span><br \/><span style=\"color: #000000;\">75011 Paris (France)<\/span><br \/><span style=\"color: #333333;\"><a style=\"color: #333333;\" href=\"gavarnie.ensemble@gmail.com\">gavarnie.ensemble@gmail.com<\/a><\/span><\/p>\n<p><span style=\"color: #000000;\">PRODUCTION<\/span><br \/><span style=\"color: #333333;\"><a style=\"color: #333333;\" href=\"production.gavarnie.ensemble@gmail.com\">production.gavarnie.ensemble@gmail.com<\/a><\/span><\/p>\n<p><span style=\"color: #000000;\">DIRECTION ARTISTIQUE<\/span><br \/><span style=\"color: #000000;\">Ana Mainer Mart\u00edn \u00b7 Carmen Mainer Mart\u00edn<\/span><br \/><span style=\"color: #333333;\"><a style=\"color: #333333;\" href=\"production.gavarnie.ensemble@gmail.com\">production.gavarnie.ensemble@gmail.com<\/a><\/span><\/p>\n<h3>\u00a0<\/h3>\n<p>&nbsp;<\/p>\n<h3><span style=\"color: #000000;\"><strong>R\u00e9seaux sociaux<\/strong><\/span><\/h3>\n<p>&nbsp;<\/p>\n<p><span style=\"color: #333333;\"><a style=\"color: #333333;\" href=\"https:\/\/www.facebook.com\/gavarnieensemble\/\" target=\"_blank\" rel=\"noopener noreferrer\">Facebook<\/a><\/span><\/p>\n<p><span style=\"color: #333333;\"><a style=\"color: #333333;\" href=\"https:\/\/soundcloud.com\/gavarnie-ensemble\" target=\"_blank\" rel=\"noopener noreferrer\">Soundcloud<\/a><\/span><\/p>\n<p><span style=\"color: #333333;\"><a style=\"color: #333333;\" href=\"https:\/\/www.youtube.com\/channel\/UCdVHMCeONq3cc6S8354APbg\" target=\"_blank\" rel=\"noopener noreferrer\">Youtube<\/a><\/span><\/p>\n<p><span style=\"color: #333333;\"><a style=\"color: #333333;\" href=\"https:\/\/www.instagram.com\/gavarnie_ensemble\/\" target=\"_blank\" rel=\"noopener noreferrer\">Instagram<\/a><\/span><\/p>\n<p>[\/et_pb_text][\/et_pb_column][et_pb_column type=\u00a0\u00bb1_4&Prime; _builder_version=\u00a0\u00bb4.16&Prime; global_colors_info=\u00a0\u00bb{}\u00a0\u00bb][et_pb_text _builder_version=\u00a0\u00bb4.20.0&Prime; custom_margin=\u00a0\u00bb||4%||false|false\u00a0\u00bb custom_padding=\u00a0\u00bb||||false|false\u00a0\u00bb global_colors_info=\u00a0\u00bb{}\u00a0\u00bb]<\/p>\n<p><strong><span style=\"color: #0c0c0c;\">Nos partenaires<\/span><\/strong><\/p>\n<p>[\/et_pb_text][et_pb_image src=\u00a0\u00bbhttp:\/\/gavarnie-ensemble.com\/wp-content\/uploads\/2020\/03\/Logo-DRAC.png\u00a0\u00bb title_text=\u00a0\u00bbLogo DRAC\u00a0\u00bb _builder_version=\u00a0\u00bb4.20.0&Prime; _module_preset=\u00a0\u00bbdefault\u00a0\u00bb width=\u00a0\u00bb52%\u00a0\u00bb custom_margin=\u00a0\u00bb||20px||false|false\u00a0\u00bb global_colors_info=\u00a0\u00bb{}\u00a0\u00bb][\/et_pb_image][et_pb_image src=\u00a0\u00bbhttp:\/\/gavarnie-ensemble.com\/wp-content\/uploads\/2021\/08\/mairie-de-paris.png\u00a0\u00bb title_text=\u00a0\u00bbmairie de paris\u00a0\u00bb show_bottom_space=\u00a0\u00bboff\u00a0\u00bb _builder_version=\u00a0\u00bb4.20.0&Prime; width=\u00a0\u00bb60px\u00a0\u00bb custom_margin=\u00a0\u00bb8%||15%||false|false\u00a0\u00bb global_colors_info=\u00a0\u00bb{}\u00a0\u00bb][\/et_pb_image][et_pb_image src=\u00a0\u00bbhttp:\/\/gavarnie-ensemble.com\/wp-content\/uploads\/2021\/08\/FCM-centre-nationla-de-la-musique.png\u00a0\u00bb title_text=\u00a0\u00bbFCM centre nationla de la musique\u00a0\u00bb _builder_version=\u00a0\u00bb4.20.0&Prime; width=\u00a0\u00bb55%\u00a0\u00bb custom_margin=\u00a0\u00bb||20px||false|false\u00a0\u00bb global_colors_info=\u00a0\u00bb{}\u00a0\u00bb][\/et_pb_image][et_pb_image src=\u00a0\u00bbhttp:\/\/gavarnie-ensemble.com\/wp-content\/uploads\/2021\/08\/grand-orly-seine-et-bievre.png\u00a0\u00bb title_text=\u00a0\u00bbgrand orly seine et bievre\u00a0\u00bb _builder_version=\u00a0\u00bb4.16&Prime; width=\u00a0\u00bb40%\u00a0\u00bb global_colors_info=\u00a0\u00bb{}\u00a0\u00bb][\/et_pb_image][et_pb_image src=\u00a0\u00bbhttps:\/\/gavarnie-ensemble.com\/wp-content\/uploads\/2025\/11\/logo-fonds-noir.png\u00a0\u00bb title_text=\u00a0\u00bblogo-fonds-noir\u00a0\u00bb _builder_version=\u00a0\u00bb4.27.6&Prime; width=\u00a0\u00bb40%\u00a0\u00bb global_colors_info=\u00a0\u00bb{}\u00a0\u00bb][\/et_pb_image][\/et_pb_column][et_pb_column type=\u00a0\u00bb1_4&Prime; _builder_version=\u00a0\u00bb4.16&Prime; global_colors_info=\u00a0\u00bb{}\u00a0\u00bb][et_pb_image src=\u00a0\u00bbhttp:\/\/gavarnie-ensemble.com\/wp-content\/uploads\/2020\/05\/2019-logo-Sacem-300&#215;148-1.png\u00a0\u00bb _builder_version=\u00a0\u00bb4.20.0&Prime; width=\u00a0\u00bb40%\u00a0\u00bb custom_margin=\u00a0\u00bb||20px||false|false\u00a0\u00bb global_colors_info=\u00a0\u00bb{}\u00a0\u00bb][\/et_pb_image][et_pb_image src=\u00a0\u00bbhttp:\/\/gavarnie-ensemble.com\/wp-content\/uploads\/2021\/08\/mise-en-oeuvres.jpeg\u00a0\u00bb title_text=\u00a0\u00bbmise en oeuvres\u00a0\u00bb _builder_version=\u00a0\u00bb4.20.0&Prime; width=\u00a0\u00bb50%\u00a0\u00bb custom_margin=\u00a0\u00bb||20px||false|false\u00a0\u00bb global_colors_info=\u00a0\u00bb{}\u00a0\u00bb][\/et_pb_image][et_pb_image src=\u00a0\u00bbhttp:\/\/gavarnie-ensemble.com\/wp-content\/uploads\/2021\/08\/maison-musique-contemporaine.png\u00a0\u00bb title_text=\u00a0\u00bbmaison musique contemporaine\u00a0\u00bb url=\u00a0\u00bbhttps:\/\/musiquecontemporaine.org\u00a0\u00bb url_new_window=\u00a0\u00bbon\u00a0\u00bb _builder_version=\u00a0\u00bb4.21.0&Prime; width=\u00a0\u00bb35%\u00a0\u00bb custom_margin=\u00a0\u00bb||20px||false|false\u00a0\u00bb global_colors_info=\u00a0\u00bb{}\u00a0\u00bb][\/et_pb_image][et_pb_image src=\u00a0\u00bbhttp:\/\/gavarnie-ensemble.com\/wp-content\/uploads\/2020\/03\/marly-le-roi.jpg\u00a0\u00bb title_text=\u00a0\u00bbmarly-le-roi\u00a0\u00bb _builder_version=\u00a0\u00bb4.27.4&Prime; _module_preset=\u00a0\u00bbdefault\u00a0\u00bb width=\u00a0\u00bb60%\u00a0\u00bb custom_margin=\u00a0\u00bb||9px||false|false\u00a0\u00bb custom_padding=\u00a0\u00bb||0px|||\u00a0\u00bb global_colors_info=\u00a0\u00bb{}\u00a0\u00bb][\/et_pb_image][et_pb_image src=\u00a0\u00bbhttp:\/\/gavarnie-ensemble.com\/wp-content\/uploads\/2020\/03\/Vallee_Sud_Grand_Paris_Logo.jpg\u00a0\u00bb title_text=\u00a0\u00bbVallee_Sud_Grand_Paris_Logo\u00a0\u00bb _builder_version=\u00a0\u00bb4.27.4&Prime; _module_preset=\u00a0\u00bbdefault\u00a0\u00bb width=\u00a0\u00bb30%\u00a0\u00bb custom_margin=\u00a0\u00bb||11px|||\u00a0\u00bb global_colors_info=\u00a0\u00bb{}\u00a0\u00bb][\/et_pb_image][et_pb_image src=\u00a0\u00bbhttp:\/\/gavarnie-ensemble.com\/wp-content\/uploads\/2020\/03\/horizontal_rouge-scaled.png\u00a0\u00bb title_text=\u00a0\u00bbhorizontal_rouge\u00a0\u00bb _builder_version=\u00a0\u00bb4.27.4&Prime; _module_preset=\u00a0\u00bbdefault\u00a0\u00bb width=\u00a0\u00bb46%\u00a0\u00bb global_colors_info=\u00a0\u00bb{}\u00a0\u00bb][\/et_pb_image][\/et_pb_column][et_pb_column type=\u00a0\u00bb1_4&Prime; _builder_version=\u00a0\u00bb4.16&Prime; global_colors_info=\u00a0\u00bb{}\u00a0\u00bb][et_pb_image src=\u00a0\u00bbhttp:\/\/gavarnie-ensemble.com\/wp-content\/uploads\/2020\/03\/Logo-Academie-Villecroze.png\u00a0\u00bb title_text=\u00a0\u00bbLogo Acad\u00e9mie Villecroze\u00a0\u00bb _builder_version=\u00a0\u00bb4.20.0&Prime; _module_preset=\u00a0\u00bbdefault\u00a0\u00bb width=\u00a0\u00bb35%\u00a0\u00bb custom_margin=\u00a0\u00bb||20px||false|false\u00a0\u00bb global_colors_info=\u00a0\u00bb{}\u00a0\u00bb][\/et_pb_image][et_pb_image src=\u00a0\u00bbhttp:\/\/gavarnie-ensemble.com\/wp-content\/uploads\/2021\/08\/raviv.png\u00a0\u00bb title_text=\u00a0\u00bbraviv\u00a0\u00bb _builder_version=\u00a0\u00bb4.20.0&Prime; width=\u00a0\u00bb40%\u00a0\u00bb custom_margin=\u00a0\u00bb||20px||false|false\u00a0\u00bb global_colors_info=\u00a0\u00bb{}\u00a0\u00bb][\/et_pb_image][et_pb_image src=\u00a0\u00bbhttp:\/\/gavarnie-ensemble.com\/wp-content\/uploads\/2020\/03\/Logo-Cite-des-Arts.png\u00a0\u00bb title_text=\u00a0\u00bbLogo Cit\u00e9 des Arts\u00a0\u00bb _builder_version=\u00a0\u00bb4.20.0&Prime; width=\u00a0\u00bb40%\u00a0\u00bb custom_margin=\u00a0\u00bb||20px||false|false\u00a0\u00bb global_colors_info=\u00a0\u00bb{}\u00a0\u00bb][\/et_pb_image][et_pb_image src=\u00a0\u00bbhttp:\/\/gavarnie-ensemble.com\/wp-content\/uploads\/2021\/08\/college-contemporain.png\u00a0\u00bb title_text=\u00a0\u00bbcollege contemporain\u00a0\u00bb _builder_version=\u00a0\u00bb4.16&Prime; width=\u00a0\u00bb65%\u00a0\u00bb custom_margin=\u00a0\u00bb||0px|||\u00a0\u00bb global_colors_info=\u00a0\u00bb{}\u00a0\u00bb][\/et_pb_image][et_pb_image src=\u00a0\u00bbhttp:\/\/gavarnie-ensemble.com\/wp-content\/uploads\/2020\/03\/images.png\u00a0\u00bb title_text=\u00a0\u00bbimages\u00a0\u00bb _builder_version=\u00a0\u00bb4.25.1&Prime; _module_preset=\u00a0\u00bbdefault\u00a0\u00bb width=\u00a0\u00bb40%\u00a0\u00bb global_colors_info=\u00a0\u00bb{}\u00a0\u00bb][\/et_pb_image][et_pb_image src=\u00a0\u00bbhttps:\/\/gavarnie-ensemble.com\/wp-content\/uploads\/2026\/03\/SPEDIDAM-LOGO-CMJN_Positif-scaled.jpg\u00a0\u00bb title_text=\u00a0\u00bbSPEDIDAM-LOGO-CMJN_Positif\u00a0\u00bb _builder_version=\u00a0\u00bb4.27.6&Prime; _module_preset=\u00a0\u00bbdefault\u00a0\u00bb width=\u00a0\u00bb40%\u00a0\u00bb global_colors_info=\u00a0\u00bb{}\u00a0\u00bb][\/et_pb_image][et_pb_image src=\u00a0\u00bbhttps:\/\/gavarnie-ensemble.com\/wp-content\/uploads\/2026\/03\/fevis.png\u00a0\u00bb title_text=\u00a0\u00bbfevis\u00a0\u00bb _builder_version=\u00a0\u00bb4.27.6&Prime; _module_preset=\u00a0\u00bbdefault\u00a0\u00bb width=\u00a0\u00bb40%\u00a0\u00bb global_colors_info=\u00a0\u00bb{}\u00a0\u00bb][\/et_pb_image][\/et_pb_column][\/et_pb_row][\/et_pb_section][et_pb_section fb_built=\u00a0\u00bb1&Prime; _builder_version=\u00a0\u00bb4.27.4&Prime; _module_preset=\u00a0\u00bbdefault\u00a0\u00bb global_colors_info=\u00a0\u00bb{}\u00a0\u00bb][et_pb_row _builder_version=\u00a0\u00bb4.27.4&Prime; _module_preset=\u00a0\u00bbdefault\u00a0\u00bb global_colors_info=\u00a0\u00bb{}\u00a0\u00bb][et_pb_column type=\u00a0\u00bb4_4&Prime; _builder_version=\u00a0\u00bb4.27.4&Prime; _module_preset=\u00a0\u00bbdefault\u00a0\u00bb global_colors_info=\u00a0\u00bb{}\u00a0\u00bb][\/et_pb_column][\/et_pb_row][\/et_pb_section]<\/p>\n","protected":false},"excerpt":{"rendered":"<p>GAVARNIE ENSEMBLETourn\u00e9e Printemps &#8211; \u00c9t\u00e9 2026Si Fou Mi ! au Festival OFF Avignon 2025 ! On en parle&#8230; \u00ab\u00a0Une belle prouesse, parfaitement ma\u00eetris\u00e9e.\u00a0\u00bbNadine Eid &#8211; Les Arts Liants \u00ab\u00a0Spectacle tr\u00e8s musical, compos\u00e9 d&rsquo;extraits de pi\u00e8ces tr\u00e8s connues et vari\u00e9es, qui ne font pas forc\u00e9ment partie de la culture musicale des enfants. \u00a0Les deux artistes, aussi [&hellip;]<\/p>\n","protected":false},"author":1,"featured_media":0,"parent":0,"menu_order":0,"comment_status":"closed","ping_status":"closed","template":"","meta":{"_et_pb_use_builder":"on","_et_pb_old_content":"<p>[et_pb_section fb_built=\"1\" _builder_version=\"3.26.7\" custom_margin=\"||10%||false|false\" custom_padding=\"||0px||false|false\"][et_pb_row _builder_version=\"3.26.7\" border_color_all=\"#37407b\" border_width_bottom=\"100px\" transform_translate=\"-24px|5px\" transform_translate_linked=\"off\" transform_rotate=\"0deg|0deg|352deg\" width=\"100%\" module_alignment=\"left\" custom_margin=\"6.7%|auto||auto|false|false\" custom_padding=\"||||false|false\"][et_pb_column type=\"4_4\" _builder_version=\"3.26.7\"][et_pb_text _builder_version=\"3.26.7\" text_text_align=\"right\" border_color_bottom=\"#000000\" width=\"100%\" custom_margin=\"|||10%|false|false\" custom_padding=\"||||false|false\" transform_styles__hover_enabled=\"off\" transform_scale__hover_enabled=\"off\" transform_translate__hover_enabled=\"off\" transform_rotate__hover_enabled=\"off\" transform_skew__hover_enabled=\"off\" transform_origin__hover_enabled=\"off\"]<\/p><h1>AGENDA\u00a0 \u00a0 \u00a0 \u00a0 \u00a0 \u00a0 \u00a0\u00a0<\/h1><p>[\/et_pb_text][\/et_pb_column][\/et_pb_row][et_pb_row _builder_version=\"3.26.7\" border_width_bottom=\"4px\" border_color_bottom=\"#e7ac52\" width=\"58%\" custom_margin=\"8%|0px|||false|false\" custom_padding=\"|20%|||false|false\"][et_pb_column type=\"4_4\" _builder_version=\"3.26.7\"][et_pb_image src=\"http:\/\/gavarnie-ensemble.com\/wp-content\/uploads\/2019\/11\/ANACARMEN-18.jpg\" _builder_version=\"3.26.7\"][\/et_pb_image][et_pb_text _builder_version=\"3.26.7\" text_text_color=\"#b5b5b5\"]<\/p><div>Domingo 29 diciembre 2019<\/div><p>[\/et_pb_text][et_pb_text _builder_version=\"3.26.7\" header_3_line_height=\"1.3em\" custom_margin=\"||1%||false|false\"]<\/p><h3>Concierto de presentaci\u00f3n del disco <em>Music for bassoon and piano<\/em>\u00a0<\/h3><p>[\/et_pb_text][et_pb_text _builder_version=\"3.26.7\"]<\/p><div><div>Sal\u00f3n Azul del Casino. Huesca (Espa\u00f1a)<\/div><\/div><p>\u00a0<\/p><div>Ana Mainer Mart\u00edn, flauta<\/div><div>Carmen Mainer Mart\u00edn, fagot<\/div><div>Enrique Escart\u00edn Ara, piano<\/div><p>[\/et_pb_text][et_pb_code _builder_version=\"3.26.7\" global_module=\"658\" saved_tabs=\"all\"][et_social_follow icon_style=\"flip\" icon_shape=\"rectangle\" icons_location=\"left\" col_number=\"1\" spacing=\"true\" outer_color=\"dark\"][\/et_pb_code][\/et_pb_column][\/et_pb_row][\/et_pb_section][et_pb_section fb_built=\"1\" _builder_version=\"3.26.7\" custom_margin=\"||10%||false|false\"][et_pb_row _builder_version=\"3.26.7\" width=\"100%\" max_width=\"80%\" module_alignment=\"right\" custom_margin=\"||3%||false|false\"][et_pb_column type=\"4_4\" _builder_version=\"3.26.7\"][et_pb_text _builder_version=\"3.26.7\" header_3_line_height=\"1.3em\" custom_margin=\"||1%||false|false\"]<\/p><h3>Eventos realizados 2019<\/h3><p>[\/et_pb_text][et_pb_accordion icon_color=\"rgba(0,0,0,0)\" _builder_version=\"3.26.7\" border_width_all=\"0px\" module_alignment=\"right\" custom_margin=\"2%|||2%|false|false\"][et_pb_accordion_item title=\"Invisible\" open=\"on\" _builder_version=\"3.26.7\" custom_css_main_element=\"display: none\"][\/et_pb_accordion_item][et_pb_accordion_item title=\"Postales al viento\" _builder_version=\"3.26.7\" _dynamic_attributes=\"link_option_url\" link_option_url=\"@ET-DC@eyJkeW5hbWljIjp0cnVlLCJjb250ZW50IjoicG9zdF9saW5rX3VybF9wYWdlIiwic2V0dGluZ3MiOnsicG9zdF9pZCI6IjE0OSJ9fQ==@\" link_option_url_new_window=\"on\" open=\"off\"]<\/p><p>12 julio 2019. VII Festival EnClaves. Huesca (Espa\u00f1a)<\/p><p>[\/et_pb_accordion_item][et_pb_accordion_item title=\"Las maderas en espejo\" _builder_version=\"3.26.7\" open=\"off\"]<\/p><p>19 enero de 2019. Maison de Portugal. Cit\u00e9 Internationale Univeritaire de Paris (Francia)<\/p><p>24 enero de 2019. Maison de l\u00b4Argentine. Cit\u00e9 Internationale Univeritaire de Paris (Francia)<\/p><p>[\/et_pb_accordion_item][et_pb_accordion_item title=\"Miranf\u00fa\" _builder_version=\"3.26.7\" open=\"off\"]<\/p><p>8 febrero de 2019. Auditorium del Conservatorio Paul Dukas. Par\u00eds (Francia)<\/p><p>8 abril de 2019. Auditorium del Conservatorio Claude Debussy. Par\u00eds (Francia)<\/p><p>[\/et_pb_accordion_item][et_pb_accordion_item title=\"Summer music\" _builder_version=\"3.26.7\" open=\"off\"]<\/p><p>23 agosto 2019. XXVI Festival M\u00fasica en el Museo del Foro Romano. Foro Romano de Zaragoza (Espa\u00f1a)\u00a0<\/p><p>[\/et_pb_accordion_item][et_pb_accordion_item title=\"Cine-concierto The Phantom of the Opera\" _builder_version=\"3.26.7\" open=\"off\"]<\/p><p>14 julio 2019. XlX Jornadas de Cine Mudo de Uncastillo. Uncastillo (Espa\u00f1a)<\/p><p>[\/et_pb_accordion_item][\/et_pb_accordion][\/et_pb_column][\/et_pb_row][et_pb_row _builder_version=\"3.26.7\" width=\"100%\" max_width=\"70%\" module_alignment=\"right\" custom_margin=\"||3%||false|false\"][et_pb_column type=\"4_4\" _builder_version=\"3.26.7\"][et_pb_text _builder_version=\"3.26.7\" header_3_line_height=\"1.3em\" custom_margin=\"||1%||false|false\"]<\/p><h3>Eventos realizados 2018<\/h3><p>[\/et_pb_text][et_pb_accordion icon_color=\"rgba(0,0,0,0)\" _builder_version=\"3.26.7\" border_width_all=\"0px\" custom_margin=\"2%|||2%|false|false\"][et_pb_accordion_item title=\"Invisible\" _builder_version=\"3.26.7\" custom_css_main_element=\"display: none\" open=\"on\"][\/et_pb_accordion_item][et_pb_accordion_item title=\"Las maderas en espejo\" open=\"off\" _builder_version=\"3.26.7\"]<\/p><p>26 julio 2018. Sal\u00f3n Azul. Huesca (Espa\u00f1a)<\/p><p>27 julio 2018. XXV Festival M\u00fasica en el Museo del Foro Romano. Foro Romano de Zaragoza (Espa\u00f1a)<\/p><p>[\/et_pb_accordion_item][et_pb_accordion_item title=\"Miranf\u00fa\" _builder_version=\"3.26.7\" open=\"off\"]<\/p><p>24 marzo de 2018. Homenaje a la compositora Mar\u00eda Rodrigo Bellido. Ciclo sobre memoria democr\u00e1tica \"Huesca 1938-1978. Guerra, dictadura, democracia\". Sal\u00f3n Azul. Huesca (Espa\u00f1a)\u00a0<\/p><p>05\u00a0octubre de 2018. Homenaje a la compositora Mar\u00eda Rodrigo Bellido. Oloron (Francia)\u00a0<\/p><p>19 octubre de 2018. Homenaje a la compositora Mar\u00eda Rodrigo Bellido. Salamanca(Espa\u00f1a)\u00a0<\/p><p>[\/et_pb_accordion_item][et_pb_accordion_item title=\"Cine-concierto A page of madness\" _builder_version=\"3.26.7\" open=\"off\"]<\/p><p>14 julio de 2018. XVIII Jornadas de Cine Mudo de Uncastillo. Sal\u00f3n de Congresos San Miguel de Uncastillo. Zaragoza (Espa\u00f1a)<\/p><p>[\/et_pb_accordion_item][\/et_pb_accordion][\/et_pb_column][\/et_pb_row][et_pb_row _builder_version=\"3.26.7\" width=\"100%\" max_width=\"90%\" module_alignment=\"right\"][et_pb_column type=\"4_4\" _builder_version=\"3.26.7\"][et_pb_text _builder_version=\"3.26.7\" header_3_line_height=\"1.3em\" custom_margin=\"||1%||false|false\"]<\/p><h3>Eventos realizados 2017<\/h3><p>[\/et_pb_text][et_pb_accordion icon_color=\"rgba(0,0,0,0)\" _builder_version=\"3.26.7\" border_width_all=\"0px\" custom_margin=\"2%|||2%|false|false\"][et_pb_accordion_item title=\"Invisible\" open=\"on\" _builder_version=\"3.26.7\" custom_css_main_element=\"display: none\"][\/et_pb_accordion_item][et_pb_accordion_item title=\"Obras para flauta, fagot y piano\" _builder_version=\"3.26.7\" open=\"off\"]<\/p><p>04 agosto de 2017. XXIV Festival M\u00fasica en el Museo del Foro Romano. Foro Romano de Zaragoza (Espa\u00f1a)<\/p><p>[\/et_pb_accordion_item][et_pb_accordion_item title=\"Miranf\u00fa\" _builder_version=\"3.26.7\" open=\"off\"]<\/p><p>06 agosto de 2017. En clave po\u00e9tica (Festival Matarranya Intim 2017). Ermita de la Misericordia de Cretas. Teruel (Espa\u00f1a)<\/p><p>[\/et_pb_accordion_item][\/et_pb_accordion][\/et_pb_column][\/et_pb_row][\/et_pb_section][et_pb_section fb_built=\"1\" _builder_version=\"3.26.7\" border_width_top=\"4px\" border_color_top=\"#e7ac52\" width=\"90%\" max_width=\"100%\" module_alignment=\"right\" custom_margin=\"||||false|false\" custom_padding=\"2%||||false|false\" global_module=\"420\"][et_pb_row column_structure=\"1_3,1_3,1_3\" _builder_version=\"3.26.7\" width=\"100%\" max_width=\"100%\"][et_pb_column type=\"1_3\" _builder_version=\"3.26.7\"][et_pb_text _builder_version=\"3.26.7\" text_font_size=\"12px\" header_3_font_size=\"14px\"]<\/p><h3><span style=\"color: #0c0c0c;\">Contacto<\/span><\/h3><p>\u00a0<\/p><p>GAVARNIE ENSEMBLE<br \/>19 rue Ternaux<br \/>75011 Paris (France)<br \/><span style=\"color: #666666;\"><a style=\"color: #666666;\" href=\"mailto:contact@gavarnie-ensemble.com\">contact@gavarnie-ensemble.com<\/a><\/span><\/p><div><div class=\"_1t_p clearfix\"><div class=\"_41ud\"><div class=\"clearfix _o46 _3erg _29_7 direction_ltr text_align_ltr\"><div id=\"js_5o\" class=\"_3058 _ui9 _hh7 _6ybn _s1- _52mr _3oh-\" data-tooltip-content=\"17:21\" data-hover=\"tooltip\" data-tooltip-position=\"above\"><div class=\"_aok _7i2m\" tabindex=\"0\" aria-label=\"Producci\u00f3n contact@gavarnie-ensemble.com\">\u00a0<\/div><\/div><\/div><\/div><\/div><\/div><p>\u00a0<\/p><p>\u00a0<\/p><p>PRODUCCI\u00d3N<br \/><span style=\"color: #666666;\"><a style=\"color: #666666;\" href=\"mailto:production@gavarnie-ensemble.com\">production@gavarnie-ensemble.com<\/a><\/span><\/p><p>\u00a0<\/p><p>DIRECCI\u00d3N ART\u00cdSTICA<br \/>Ana Mainer Mart\u00edn<br \/><span style=\"color: #666666;\"><a style=\"color: #666666;\" href=\"mailto:amm@gavarnie-ensemble.com\">amm@gavarnie-ensemble.com<\/a><\/span><\/p><p>Carmen Mainer Mart\u00edn<br \/><span style=\"color: #666666;\"><a style=\"color: #666666;\" href=\"mailto:cmm@gavarnie-ensemble.com\">cmm@gavarnie-ensemble.com<\/a><\/span><\/p><p>\u00a0<\/p><p>[\/et_pb_text][\/et_pb_column][et_pb_column type=\"1_3\" _builder_version=\"3.26.7\"][et_pb_text _builder_version=\"3.26.7\" text_font_size=\"12px\" header_3_font_size=\"14px\"]<\/p><h3><span style=\"color: #0c0c0c;\">Redes sociales<\/span><\/h3><p>\u00a0<\/p><p><span style=\"color: #666666;\"><a style=\"color: #666666;\" href=\"https:\/\/www.facebook.com\/gavarnieensemble\/\" target=\"_blank\" rel=\"noopener noreferrer\">Facebook<\/a><\/span><\/p><p><span style=\"color: #666666;\"><a style=\"color: #666666;\" href=\"https:\/\/soundcloud.com\/gavarnie-ensemble\" target=\"_blank\" rel=\"noopener noreferrer\">Soundcloud<\/a><\/span><\/p><p><span style=\"color: #666666;\"><a style=\"color: #666666;\" href=\"https:\/\/www.youtube.com\/channel\/UCdVHMCeONq3cc6S8354APbg\" target=\"_blank\" rel=\"noopener noreferrer\">Youtube<\/a><\/span><\/p><p><span style=\"color: #666666;\"><a style=\"color: #666666;\" href=\"https:\/\/www.instagram.com\/gavarnie_ensemble\/\" target=\"_blank\" rel=\"noopener noreferrer\">Instagram<\/a><\/span>[\/et_pb_text][et_pb_text _builder_version=\"3.26.7\" text_font_size=\"12px\"]<\/p><p>Newsletter<\/p><p>[\/et_pb_text][\/et_pb_column][et_pb_column type=\"1_3\" _builder_version=\"3.26.7\"][et_pb_text _builder_version=\"3.26.7\" custom_margin=\"||4%||false|false\" custom_padding=\"||||false|false\"]<span style=\"color: #0c0c0c;\">Patrocinadores<\/span>[\/et_pb_text][et_pb_image src=\"http:\/\/gavarnie-ensemble.com\/wp-content\/uploads\/2019\/11\/600px-Ville_de_Paris_logo_2019.svg_.png\" show_bottom_space=\"off\" _builder_version=\"3.26.7\" width=\"10%\" custom_margin=\"8%||2%||false|false\"][\/et_pb_image][et_pb_text _builder_version=\"3.26.7\" text_font_size=\"12px\"]<\/p><p>Ville de Paris<\/p><p>[\/et_pb_text][\/et_pb_column][\/et_pb_row][\/et_pb_section]<\/p>","_et_gb_content_width":"","footnotes":""},"class_list":["post-831","page","type-page","status-publish","hentry"],"_links":{"self":[{"href":"https:\/\/gavarnie-ensemble.com\/fr\/wp-json\/wp\/v2\/pages\/831","targetHints":{"allow":["GET"]}}],"collection":[{"href":"https:\/\/gavarnie-ensemble.com\/fr\/wp-json\/wp\/v2\/pages"}],"about":[{"href":"https:\/\/gavarnie-ensemble.com\/fr\/wp-json\/wp\/v2\/types\/page"}],"author":[{"embeddable":true,"href":"https:\/\/gavarnie-ensemble.com\/fr\/wp-json\/wp\/v2\/users\/1"}],"replies":[{"embeddable":true,"href":"https:\/\/gavarnie-ensemble.com\/fr\/wp-json\/wp\/v2\/comments?post=831"}],"version-history":[{"count":250,"href":"https:\/\/gavarnie-ensemble.com\/fr\/wp-json\/wp\/v2\/pages\/831\/revisions"}],"predecessor-version":[{"id":5366,"href":"https:\/\/gavarnie-ensemble.com\/fr\/wp-json\/wp\/v2\/pages\/831\/revisions\/5366"}],"wp:attachment":[{"href":"https:\/\/gavarnie-ensemble.com\/fr\/wp-json\/wp\/v2\/media?parent=831"}],"curies":[{"name":"wp","href":"https:\/\/api.w.org\/{rel}","templated":true}]}}