{"id":803,"date":"2020-03-20T02:35:36","date_gmt":"2020-03-20T01:35:36","guid":{"rendered":"http:\/\/gavarnie-ensemble.com\/?page_id=803"},"modified":"2025-09-12T19:29:42","modified_gmt":"2025-09-12T17:29:42","slug":"ils-en-parlent","status":"publish","type":"page","link":"https:\/\/gavarnie-ensemble.com\/fr\/ils-en-parlent\/","title":{"rendered":"Ils en parlent"},"content":{"rendered":"<p>[et_pb_section fb_built=\u00a0\u00bb1&Prime; _builder_version=\u00a0\u00bb4.16&Prime; custom_margin=\u00a0\u00bb||10%||false|false\u00a0\u00bb custom_padding=\u00a0\u00bb||3px||false|false\u00a0\u00bb global_colors_info=\u00a0\u00bb{}\u00a0\u00bb][et_pb_row _builder_version=\u00a0\u00bb4.16&Prime; width=\u00a0\u00bb100%\u00a0\u00bb max_width=\u00a0\u00bb75%\u00a0\u00bb max_width_tablet=\u00a0\u00bb\u00a0\u00bb max_width_phone=\u00a0\u00bb100%\u00a0\u00bb max_width_last_edited=\u00a0\u00bbon|desktop\u00a0\u00bb custom_margin=\u00a0\u00bb5.3%|0px||auto|false|false\u00a0\u00bb custom_margin_tablet=\u00a0\u00bb\u00a0\u00bb custom_margin_phone=\u00a0\u00bb|||10%|false|false\u00a0\u00bb custom_margin_last_edited=\u00a0\u00bbon|desktop\u00a0\u00bb custom_padding=\u00a0\u00bb||||false|false\u00a0\u00bb border_width_bottom=\u00a0\u00bb40px\u00a0\u00bb border_color_bottom=\u00a0\u00bb#e7ac52&Prime; global_colors_info=\u00a0\u00bb{}\u00a0\u00bb][et_pb_column type=\u00a0\u00bb4_4&Prime; _builder_version=\u00a0\u00bb4.16&Prime; global_colors_info=\u00a0\u00bb{}\u00a0\u00bb][et_pb_text _builder_version=\u00a0\u00bb4.16&Prime; width=\u00a0\u00bb100%\u00a0\u00bb custom_margin=\u00a0\u00bb||||false|false\u00a0\u00bb custom_padding=\u00a0\u00bb|||10%|false|false\u00a0\u00bb border_color_bottom=\u00a0\u00bb#000000&Prime; text_text_align=\u00a0\u00bbleft\u00a0\u00bb global_colors_info=\u00a0\u00bb{}\u00a0\u00bb transform_styles__hover_enabled=\u00a0\u00bboff\u00a0\u00bb transform_scale__hover_enabled=\u00a0\u00bboff\u00a0\u00bb transform_translate__hover_enabled=\u00a0\u00bboff\u00a0\u00bb transform_rotate__hover_enabled=\u00a0\u00bboff\u00a0\u00bb transform_skew__hover_enabled=\u00a0\u00bboff\u00a0\u00bb transform_origin__hover_enabled=\u00a0\u00bboff\u00a0\u00bb]<\/p>\n<h1>ILS EN PARLENT<\/h1>\n<p>[\/et_pb_text][\/et_pb_column][\/et_pb_row][et_pb_row custom_padding_last_edited=\u00a0\u00bbon|desktop\u00a0\u00bb _builder_version=\u00a0\u00bb4.16&Prime; width=\u00a0\u00bb100%\u00a0\u00bb max_width=\u00a0\u00bb75%\u00a0\u00bb max_width_tablet=\u00a0\u00bb\u00a0\u00bb max_width_phone=\u00a0\u00bb80%\u00a0\u00bb max_width_last_edited=\u00a0\u00bbon|desktop\u00a0\u00bb custom_margin=\u00a0\u00bb|0px||auto|false|false\u00a0\u00bb custom_margin_tablet=\u00a0\u00bb\u00a0\u00bb custom_margin_phone=\u00a0\u00bb|||10%|false|false\u00a0\u00bb custom_margin_last_edited=\u00a0\u00bbon|desktop\u00a0\u00bb custom_padding=\u00a0\u00bb0px|25%|4%||false|false\u00a0\u00bb custom_padding_tablet=\u00a0\u00bb\u00a0\u00bb custom_padding_phone=\u00a0\u00bb|0%|||false|false\u00a0\u00bb border_width_bottom=\u00a0\u00bb4px\u00a0\u00bb border_color_bottom=\u00a0\u00bb#e7ac52&Prime; global_colors_info=\u00a0\u00bb{}\u00a0\u00bb][et_pb_column type=\u00a0\u00bb4_4&Prime; _builder_version=\u00a0\u00bb4.16&Prime; global_colors_info=\u00a0\u00bb{}\u00a0\u00bb][et_pb_code _builder_version=\u00a0\u00bb4.16&Prime; global_colors_info=\u00a0\u00bb{}\u00a0\u00bb]\n\t\t\t<!-- START Criticas REVOLUTION SLIDER 6.7.18 --><p class=\"rs-p-wp-fix\"><\/p>\n\t\t\t<rs-module-wrap id=\"rev_slider_3_1_wrapper\" data-source=\"gallery\" style=\"visibility:hidden;background:transparent;padding:0;margin:0px auto;margin-top:0;margin-bottom:0;\">\n\t\t\t\t<rs-module id=\"rev_slider_3_1\" style=\"\" data-version=\"6.7.18\">\n\t\t\t\t\t<rs-slides style=\"overflow: hidden; position: absolute;\">\n\t\t\t\t\t\t<rs-slide style=\"position: absolute;\" data-key=\"rs-5\" data-title=\"Slide\" data-thumb=\"\/\/gavarnie-ensemble.com\/wp-content\/uploads\/2022\/10\/Criticasb_s-100x50.jpg\" data-anim=\"adpr:false;\">\n\t\t\t\t\t\t\t<img decoding=\"async\" src=\"\/\/gavarnie-ensemble.com\/wp-content\/plugins\/revslider\/sr6\/assets\/assets\/dummy.png\" alt=\"\" title=\"Ils en parlent\" class=\"rev-slidebg tp-rs-img rs-lazyload\" data-lazyload=\"\/\/gavarnie-ensemble.com\/wp-content\/uploads\/2022\/10\/Criticasb_s.jpg\" data-no-retina>\n<!---->\t\t\t\t\t<\/rs-slide>\n\t\t\t\t\t\t<rs-slide style=\"position: absolute;\" data-key=\"rs-6\" data-title=\"Slide\" data-thumb=\"\/\/gavarnie-ensemble.com\/wp-content\/uploads\/2022\/10\/F_s-100x50.jpg\" data-anim=\"adpr:false;\">\n\t\t\t\t\t\t\t<img decoding=\"async\" src=\"\/\/gavarnie-ensemble.com\/wp-content\/plugins\/revslider\/sr6\/assets\/assets\/dummy.png\" alt=\"\" title=\"Ils en parlent\" class=\"rev-slidebg tp-rs-img rs-lazyload\" data-lazyload=\"\/\/gavarnie-ensemble.com\/wp-content\/uploads\/2022\/10\/F_s.jpg\" data-no-retina>\n<!---->\t\t\t\t\t<\/rs-slide>\n\t\t\t\t\t<\/rs-slides>\n\t\t\t\t<\/rs-module>\n\t\t\t\t<script>\n\t\t\t\t\tsetREVStartSize({c: 'rev_slider_3_1',rl:[1240,1024,778,480],el:[],gw:[1624],gh:[1080],type:'standard',justify:'',layout:'fullwidth',mh:\"0\"});if (window.RS_MODULES!==undefined && window.RS_MODULES.modules!==undefined && window.RS_MODULES.modules[\"revslider31\"]!==undefined) {window.RS_MODULES.modules[\"revslider31\"].once = false;window.revapi3 = undefined;if (window.RS_MODULES.checkMinimal!==undefined) window.RS_MODULES.checkMinimal()}\n\t\t\t\t<\/script>\n\t\t\t<\/rs-module-wrap>\n\t\t\t<!-- END REVOLUTION SLIDER -->\n[\/et_pb_code][et_pb_text _builder_version=\u00a0\u00bb4.27.4&Prime; custom_margin=\u00a0\u00bb||1%||false|false\u00a0\u00bb global_colors_info=\u00a0\u00bb{}\u00a0\u00bb]<\/p>\n<h3><a href=\"https:\/\/gavarnie-ensemble.com\/fr\/concerts-et-spectacles\/\" target=\"_blank\" rel=\"noopener noreferrer\">Si Fou Mi !<\/a><\/h3>\n<h3>\u00a0<\/h3>\n<p>[\/et_pb_text][et_pb_text _builder_version=\u00a0\u00bb4.27.4&Prime; text_font=\u00a0\u00bb||on||||||\u00a0\u00bb text_text_color=\u00a0\u00bbrgba(12,12,12,0.85)\u00a0\u00bb text_font_size=\u00a0\u00bb16px\u00a0\u00bb text_line_height=\u00a0\u00bb1.5em\u00a0\u00bb width=\u00a0\u00bb70%\u00a0\u00bb custom_margin=\u00a0\u00bb||||false|false\u00a0\u00bb custom_padding=\u00a0\u00bb2%|2%|2%|2%|true|true\u00a0\u00bb hover_enabled=\u00a0\u00bb0&Prime; global_colors_info=\u00a0\u00bb{}\u00a0\u00bb sticky_enabled=\u00a0\u00bb0&Prime;]<\/p>\n<p>\u00ab\u00a0<span class=\"B6ypb\">Une belle prouesse, parfaitement ma\u00eetris\u00e9e<\/span>\u00ab\u00a0<\/p>\n<p><a href=\"https:\/\/www.lesartsliants.fr\/post\/si-fou-mi\" target=\"_blank\" rel=\"noopener\">https:\/\/www.lesartsliants.fr\/post\/si-fou-mi<\/a><\/p>\n<p>&nbsp;<\/p>\n<p>[\/et_pb_text][et_pb_text _builder_version=\u00a0\u00bb4.27.4&Prime; text_text_color=\u00a0\u00bbrgba(0,0,0,0.45)\u00a0\u00bb text_orientation=\u00a0\u00bbright\u00a0\u00bb custom_margin=\u00a0\u00bb3%||1%||false|false\u00a0\u00bb text_text_align=\u00a0\u00bbright\u00a0\u00bb global_colors_info=\u00a0\u00bb{}\u00a0\u00bb]<\/p>\n<p>Nadine Eid, <em>Les Arts Liants<\/em>, Avril 2025<\/p>\n<p>[\/et_pb_text][et_pb_text _builder_version=\u00a0\u00bb4.16&Prime; custom_margin=\u00a0\u00bb||1%||false|false\u00a0\u00bb global_colors_info=\u00a0\u00bb{}\u00a0\u00bb]<\/p>\n<h3><a href=\"https:\/\/gavarnie-ensemble.com\/fr\/concerts-et-spectacles\/\" target=\"_blank\" rel=\"noopener noreferrer\">Cartes postales en l&rsquo;air<\/a><\/h3>\n<h3><a href=\"https:\/\/gavarnie-ensemble.com\/conciertos-y-espectaculos\/\" target=\"_blank\" rel=\"noopener noreferrer\"><\/a><\/h3>\n<p>[\/et_pb_text][et_pb_text _builder_version=\u00a0\u00bb4.16&Prime; text_font=\u00a0\u00bb||on||||||\u00a0\u00bb text_text_color=\u00a0\u00bbrgba(12,12,12,0.85)\u00a0\u00bb text_font_size=\u00a0\u00bb16px\u00a0\u00bb text_line_height=\u00a0\u00bb1.5em\u00a0\u00bb width=\u00a0\u00bb70%\u00a0\u00bb custom_margin=\u00a0\u00bb||||false|false\u00a0\u00bb custom_padding=\u00a0\u00bb2%|2%|2%|2%|true|true\u00a0\u00bb hover_enabled=\u00a0\u00bb0&Prime; global_colors_info=\u00a0\u00bb{}\u00a0\u00bb sticky_enabled=\u00a0\u00bb0&Prime;]<\/p>\n<p>\u00ab\u00a0Interpr\u00e9tation extraordinaire. Gavarnie Ensemble offre un spectacle magnifique de sonorit\u00e9s prometteuses [&#8230;]\u00a0\u00bb<\/p>\n<p>[\/et_pb_text][et_pb_text _builder_version=\u00a0\u00bb4.16&Prime; text_text_color=\u00a0\u00bbrgba(0,0,0,0.45)\u00a0\u00bb text_orientation=\u00a0\u00bbright\u00a0\u00bb custom_margin=\u00a0\u00bb3%||1%||false|false\u00a0\u00bb text_text_align=\u00a0\u00bbright\u00a0\u00bb global_colors_info=\u00a0\u00bb{}\u00a0\u00bb]<\/p>\n<p>Cultura Hoya de Huesca, Juillet 2019<br \/> VII Edici\u00f3n Festival EnClaves de M\u00fasica y Patrimonio 2019<\/p>\n<p>[\/et_pb_text][et_pb_text _builder_version=\u00a0\u00bb4.16&Prime; custom_margin=\u00a0\u00bb5%||1%||false|false\u00a0\u00bb global_colors_info=\u00a0\u00bb{}\u00a0\u00bb]<\/p>\n<h3><a href=\"https:\/\/gavarnie-ensemble.com\/fr\/concerts-et-spectacles\/\" target=\"_blank\" rel=\"noopener noreferrer\">Summer music<\/a><\/h3>\n<p>[\/et_pb_text][et_pb_text _builder_version=\u00a0\u00bb4.16&Prime; text_font=\u00a0\u00bb||on||||||\u00a0\u00bb text_text_color=\u00a0\u00bbrgba(12,12,12,0.85)\u00a0\u00bb text_font_size=\u00a0\u00bb16px\u00a0\u00bb text_line_height=\u00a0\u00bb1.5em\u00a0\u00bb width=\u00a0\u00bb70%\u00a0\u00bb custom_margin=\u00a0\u00bb||||false|false\u00a0\u00bb custom_padding=\u00a0\u00bb2%|2%|2%|2%|true|true\u00a0\u00bb global_colors_info=\u00a0\u00bb{}\u00a0\u00bb]<\/p>\n<p>\u00ab\u00a0Un solide ensemble de musique de chambre [&#8230;]\u00a0\u00bb<\/p>\n<p>[\/et_pb_text][et_pb_text _builder_version=\u00a0\u00bb4.16&Prime; text_text_color=\u00a0\u00bbrgba(0,0,0,0.45)\u00a0\u00bb text_orientation=\u00a0\u00bbright\u00a0\u00bb custom_margin=\u00a0\u00bb3%||1%||false|false\u00a0\u00bb text_text_align=\u00a0\u00bbright\u00a0\u00bb global_colors_info=\u00a0\u00bb{}\u00a0\u00bb]<\/p>\n<p>C\u00e1mara actual, Juan Carlos Galtier<br \/> Heraldo de Arag\u00f3n, Ao\u00fbt 2019<br \/> XXVI Festival de M\u00fasica Int\u00e9rpretes en Arag\u00f3n 2019 \u2022 M\u00fasica en el Museo del Foro Romano<\/p>\n<p>[\/et_pb_text][et_pb_text _builder_version=\u00a0\u00bb4.16&Prime; custom_margin=\u00a0\u00bb5%||1%||false|false\u00a0\u00bb global_colors_info=\u00a0\u00bb{}\u00a0\u00bb]<\/p>\n<h3><a href=\"https:\/\/gavarnie-ensemble.com\/fr\/concerts-et-spectacles\/\" target=\"_blank\" rel=\"noopener noreferrer\">Les bois en miroir<\/a><\/h3>\n<p>[\/et_pb_text][et_pb_text _builder_version=\u00a0\u00bb4.16&Prime; text_font=\u00a0\u00bb||on||||||\u00a0\u00bb text_text_color=\u00a0\u00bbrgba(12,12,12,0.85)\u00a0\u00bb text_font_size=\u00a0\u00bb16px\u00a0\u00bb text_line_height=\u00a0\u00bb1.5em\u00a0\u00bb width=\u00a0\u00bb70%\u00a0\u00bb custom_margin=\u00a0\u00bb||||false|false\u00a0\u00bb custom_padding=\u00a0\u00bb2%|2%|2%|2%|true|true\u00a0\u00bb global_colors_info=\u00a0\u00bb{}\u00a0\u00bb]<\/p>\n<p>\u00ab\u00a0\u00c9quilibre, consonance et vitalit\u00e9 interpr\u00e9tative [&#8230;]\u00a0\u00bb<\/p>\n<p>[\/et_pb_text][et_pb_text _builder_version=\u00a0\u00bb4.16&Prime; text_text_color=\u00a0\u00bbrgba(0,0,0,0.45)\u00a0\u00bb text_orientation=\u00a0\u00bbright\u00a0\u00bb custom_margin=\u00a0\u00bb3%||1%||false|false\u00a0\u00bb text_text_align=\u00a0\u00bbright\u00a0\u00bb global_colors_info=\u00a0\u00bb{}\u00a0\u00bb]<\/p>\n<p>Las maderas en espejo, Francisco Javier Aguirre<br \/> Heraldo de Arag\u00f3n, Juillet 2018<br \/> XXV Festival de M\u00fasica Int\u00e9rpretes en Arag\u00f3n 2018 \u2022 M\u00fasica en el Museo del Foro Romano<\/p>\n<p>[\/et_pb_text][et_pb_text _builder_version=\u00a0\u00bb4.16&Prime; custom_margin=\u00a0\u00bb5%||1%||false|false\u00a0\u00bb global_colors_info=\u00a0\u00bb{}\u00a0\u00bb]<\/p>\n<h3><a href=\"https:\/\/gavarnie-ensemble.com\/fr\/tienda\/\" target=\"_blank\" rel=\"noopener noreferrer\">Music for bassoon and piano<\/a><\/h3>\n<p>[\/et_pb_text][et_pb_text _builder_version=\u00a0\u00bb4.16&Prime; text_font=\u00a0\u00bb||on||||||\u00a0\u00bb text_text_color=\u00a0\u00bbrgba(12,12,12,0.85)\u00a0\u00bb text_font_size=\u00a0\u00bb16px\u00a0\u00bb text_line_height=\u00a0\u00bb1.5em\u00a0\u00bb width=\u00a0\u00bb70%\u00a0\u00bb custom_margin=\u00a0\u00bb||||false|false\u00a0\u00bb custom_padding=\u00a0\u00bb2%|2%|2%|2%|true|true\u00a0\u00bb global_colors_info=\u00a0\u00bb{}\u00a0\u00bb]<\/p>\n<p>\u00ab\u00a0Une interpr\u00e8te chez qui on remarque la ma\u00eetrise technique et une formidable vari\u00e9t\u00e9 de sonorit\u00e9s[&#8230;]\u00a0\u00bb<\/p>\n<p>[\/et_pb_text][et_pb_text _builder_version=\u00a0\u00bb4.16&Prime; text_text_color=\u00a0\u00bbrgba(0,0,0,0.45)\u00a0\u00bb text_orientation=\u00a0\u00bbright\u00a0\u00bb custom_margin=\u00a0\u00bb3%||1%||false|false\u00a0\u00bb text_text_align=\u00a0\u00bbright\u00a0\u00bb global_colors_info=\u00a0\u00bb{}\u00a0\u00bb]<\/p>\n<p>CD Music for bassoon and piano<br \/> Critique de Abelardo Mart\u00edn Ruiz *****<br \/> Mel\u00f3mano. La revista de m\u00fasica cl\u00e1sica. N\u00famero 247. Diciembre de 2018<\/p>\n<p>[\/et_pb_text][et_pb_text _builder_version=\u00a0\u00bb4.16&Prime; text_font=\u00a0\u00bb||on||||||\u00a0\u00bb text_text_color=\u00a0\u00bbrgba(12,12,12,0.85)\u00a0\u00bb text_font_size=\u00a0\u00bb16px\u00a0\u00bb text_line_height=\u00a0\u00bb1.5em\u00a0\u00bb width=\u00a0\u00bb70%\u00a0\u00bb custom_margin=\u00a0\u00bb||||false|false\u00a0\u00bb custom_padding=\u00a0\u00bb2%|2%|2%|2%|true|true\u00a0\u00bb global_colors_info=\u00a0\u00bb{}\u00a0\u00bb]<\/p>\n<p>\u00ab\u00a0Magnifiquement r\u00e9ussi premier CD r\u00e9cital [&#8230;]\u00a0\u00bb<\/p>\n<p>[\/et_pb_text][et_pb_text _builder_version=\u00a0\u00bb4.16&Prime; text_text_color=\u00a0\u00bbrgba(0,0,0,0.45)\u00a0\u00bb text_orientation=\u00a0\u00bbright\u00a0\u00bb custom_margin=\u00a0\u00bb3%||1%||false|false\u00a0\u00bb text_text_align=\u00a0\u00bbright\u00a0\u00bb global_colors_info=\u00a0\u00bb{}\u00a0\u00bb]CD Music for bassoon and piano<br \/>\nBrilliant Classics, 2018[\/et_pb_text][\/et_pb_column][\/et_pb_row][et_pb_row custom_padding_last_edited=\u00a0\u00bbon|desktop\u00a0\u00bb _builder_version=\u00a0\u00bb4.16&Prime; width=\u00a0\u00bb100%\u00a0\u00bb max_width=\u00a0\u00bb75%\u00a0\u00bb max_width_tablet=\u00a0\u00bb\u00a0\u00bb max_width_phone=\u00a0\u00bb80%\u00a0\u00bb max_width_last_edited=\u00a0\u00bbon|desktop\u00a0\u00bb custom_margin=\u00a0\u00bb50px|0px||auto|false|false\u00a0\u00bb custom_margin_tablet=\u00a0\u00bb\u00a0\u00bb custom_margin_phone=\u00a0\u00bb|||10%|false|false\u00a0\u00bb custom_margin_last_edited=\u00a0\u00bbon|desktop\u00a0\u00bb custom_padding=\u00a0\u00bb0px|25%|||false|false\u00a0\u00bb custom_padding_tablet=\u00a0\u00bb\u00a0\u00bb custom_padding_phone=\u00a0\u00bb|0%|||false|false\u00a0\u00bb border_color_bottom=\u00a0\u00bb#e7ac52&Prime; global_colors_info=\u00a0\u00bb{}\u00a0\u00bb][et_pb_column type=\u00a0\u00bb4_4&Prime; _builder_version=\u00a0\u00bb4.16&Prime; global_colors_info=\u00a0\u00bb{}\u00a0\u00bb][et_pb_text _builder_version=\u00a0\u00bb4.16&Prime; custom_margin=\u00a0\u00bb||1%||false|false\u00a0\u00bb global_colors_info=\u00a0\u00bb{}\u00a0\u00bb]<\/p>\n<h3>D&rsquo;autres programmes r\u00e9alis\u00e9s<\/h3>\n<p>[\/et_pb_text][et_pb_text _builder_version=\u00a0\u00bb4.16&Prime; text_font=\u00a0\u00bb||on||||||\u00a0\u00bb text_text_color=\u00a0\u00bbrgba(12,12,12,0.85)\u00a0\u00bb text_font_size=\u00a0\u00bb16px\u00a0\u00bb text_line_height=\u00a0\u00bb1.5em\u00a0\u00bb width=\u00a0\u00bb70%\u00a0\u00bb custom_margin=\u00a0\u00bb||||false|false\u00a0\u00bb custom_padding=\u00a0\u00bb2%|2%|2%|2%|true|true\u00a0\u00bb global_colors_info=\u00a0\u00bb{}\u00a0\u00bb]<\/p>\n<p>\u00ab\u00a0Gavarnie Ensemble offre un programme peu habituel dans les concerts de musique de chambre [&#8230;]\u00a0\u00bb<\/p>\n<p>[\/et_pb_text][et_pb_text _builder_version=\u00a0\u00bb4.16&Prime; text_text_color=\u00a0\u00bbrgba(0,0,0,0.45)\u00a0\u00bb text_orientation=\u00a0\u00bbright\u00a0\u00bb custom_margin=\u00a0\u00bb3%||1%||false|false\u00a0\u00bb text_text_align=\u00a0\u00bbright\u00a0\u00bb global_colors_info=\u00a0\u00bb{}\u00a0\u00bb]<\/p>\n<p>Obras infrecuentes y estreno absoluto, Francisco Javier Aguirre<br \/> Heraldo de Arag\u00f3n, Ao\u00fbt 2017<br \/> XXIV Festival de M\u00fasica Int\u00e9rpretes en Arag\u00f3n 2017 \u2022 M\u00fasica en el Museo del Foro Romano<\/p>\n<p>[\/et_pb_text][et_pb_code _builder_version=\u00a0\u00bb4.16&Prime; global_colors_info=\u00a0\u00bb{}\u00a0\u00bb]<div class=\"et_social_networks et_social_1col et_social_flip et_social_rectangle et_social_left et_social_nospace et_social_mobile_on et_social_outer_dark\">\n\t\t\t\t\t\n\t\t\t\t\t\n\t\t\t\t\t<ul class=\"et_social_icons_container\"><li class=\"et_social_facebook\">\n\t\t\t\t\t\t<a href=\"https:\/\/www.facebook.com\/gavarnieensemble\/\" class=\"et_social_follow\" data-social_name=\"facebook\" data-social_type=\"follow\" data-post_id=\"0\" target=\"_blank\">\n\t\t\t\t\t\t\t<i class=\"et_social_icon et_social_icon_facebook\"><\/i>\n\t\t\t\t\t\t\t\n\t\t\t\t\t\t\t<span class=\"et_social_overlay\"><\/span>\n\t\t\t\t\t\t<\/a>\n\t\t\t\t\t<\/li><li class=\"et_social_soundcloud\">\n\t\t\t\t\t\t<a href=\"https:\/\/soundcloud.com\/gavarnie-ensemble\" class=\"et_social_follow\" data-social_name=\"soundcloud\" data-social_type=\"follow\" data-post_id=\"0\" target=\"_blank\">\n\t\t\t\t\t\t\t<i class=\"et_social_icon et_social_icon_soundcloud\"><\/i>\n\t\t\t\t\t\t\t\n\t\t\t\t\t\t\t<span class=\"et_social_overlay\"><\/span>\n\t\t\t\t\t\t<\/a>\n\t\t\t\t\t<\/li><li class=\"et_social_youtube\">\n\t\t\t\t\t\t<a href=\"https:\/\/www.youtube.com\/channel\/UCdVHMCeONq3cc6S8354APbg\" class=\"et_social_follow\" data-social_name=\"youtube\" data-social_type=\"follow\" data-post_id=\"0\" target=\"_blank\">\n\t\t\t\t\t\t\t<i class=\"et_social_icon et_social_icon_youtube\"><\/i>\n\t\t\t\t\t\t\t\n\t\t\t\t\t\t\t<span class=\"et_social_overlay\"><\/span>\n\t\t\t\t\t\t<\/a>\n\t\t\t\t\t<\/li><li class=\"et_social_instagram\">\n\t\t\t\t\t\t<a href=\"https:\/\/www.instagram.com\/gavarnie_ensemble\/\" class=\"et_social_follow\" data-social_name=\"instagram\" data-social_type=\"follow\" data-post_id=\"0\" target=\"_blank\">\n\t\t\t\t\t\t\t<i class=\"et_social_icon et_social_icon_instagram\"><\/i>\n\t\t\t\t\t\t\t\n\t\t\t\t\t\t\t<span class=\"et_social_overlay\"><\/span>\n\t\t\t\t\t\t<\/a>\n\t\t\t\t\t<\/li><\/ul>\n\t\t\t\t<\/div>[\/et_pb_code][\/et_pb_column][\/et_pb_row][\/et_pb_section][et_pb_section fb_built=\u00a0\u00bb1&Prime; _builder_version=\u00a0\u00bb4.16&Prime; background_color=\u00a0\u00bbrgba(0,0,0,0)\u00a0\u00bb width=\u00a0\u00bb90%\u00a0\u00bb max_width=\u00a0\u00bb100%\u00a0\u00bb module_alignment=\u00a0\u00bbright\u00a0\u00bb custom_margin=\u00a0\u00bb||-33px||false|false\u00a0\u00bb custom_padding=\u00a0\u00bb4.6%||||false|false\u00a0\u00bb border_width_top=\u00a0\u00bb4px\u00a0\u00bb border_color_top=\u00a0\u00bb#e7ac52&Prime; global_module=\u00a0\u00bb1178&Prime; saved_tabs=\u00a0\u00bball\u00a0\u00bb global_colors_info=\u00a0\u00bb{}\u00a0\u00bb][et_pb_row column_structure=\u00a0\u00bb1_4,1_4,1_4,1_4&Prime; _builder_version=\u00a0\u00bb4.27.4&Prime; width=\u00a0\u00bb100%\u00a0\u00bb max_width=\u00a0\u00bb100%\u00a0\u00bb custom_margin=\u00a0\u00bb10px||||false|false\u00a0\u00bb custom_padding=\u00a0\u00bb0px|40px||||\u00a0\u00bb collapsed=\u00a0\u00bboff\u00a0\u00bb global_colors_info=\u00a0\u00bb{}\u00a0\u00bb][et_pb_column type=\u00a0\u00bb1_4&Prime; _builder_version=\u00a0\u00bb4.16&Prime; global_colors_info=\u00a0\u00bb{}\u00a0\u00bb][et_pb_text _builder_version=\u00a0\u00bb4.27.4&Prime; text_font_size=\u00a0\u00bb12px\u00a0\u00bb header_3_font_size=\u00a0\u00bb14px\u00a0\u00bb global_colors_info=\u00a0\u00bb{}\u00a0\u00bb]<\/p>\n<h3><span style=\"color: #000000;\"><strong>Contact<\/strong><\/span><\/h3>\n<p>&nbsp;<\/p>\n<p><span style=\"color: #000000;\">GAVARNIE ENSEMBLE<\/span><br \/><span style=\"color: #000000;\">19 rue Ternaux<\/span><br \/><span style=\"color: #000000;\">75011 Paris (France)<\/span><br \/><span style=\"color: #333333;\"><a style=\"color: #333333;\" href=\"gavarnie.ensemble@gmail.com\">gavarnie.ensemble@gmail.com<\/a><\/span><\/p>\n<p><span style=\"color: #000000;\">PRODUCTION<\/span><br \/><span style=\"color: #333333;\"><a style=\"color: #333333;\" href=\"production.gavarnie.ensemble@gmail.com\">production.gavarnie.ensemble@gmail.com<\/a><\/span><\/p>\n<p><span style=\"color: #000000;\">DIRECTION ARTISTIQUE<\/span><br \/><span style=\"color: #000000;\">Ana Mainer Mart\u00edn \u00b7 Carmen Mainer Mart\u00edn<\/span><br \/><span style=\"color: #333333;\"><a style=\"color: #333333;\" href=\"production.gavarnie.ensemble@gmail.com\">production.gavarnie.ensemble@gmail.com<\/a><\/span><\/p>\n<h3>\u00a0<\/h3>\n<p>&nbsp;<\/p>\n<h3><span style=\"color: #000000;\"><strong>R\u00e9seaux sociaux<\/strong><\/span><\/h3>\n<p>&nbsp;<\/p>\n<p><span style=\"color: #333333;\"><a style=\"color: #333333;\" href=\"https:\/\/www.facebook.com\/gavarnieensemble\/\" target=\"_blank\" rel=\"noopener noreferrer\">Facebook<\/a><\/span><\/p>\n<p><span style=\"color: #333333;\"><a style=\"color: #333333;\" href=\"https:\/\/soundcloud.com\/gavarnie-ensemble\" target=\"_blank\" rel=\"noopener noreferrer\">Soundcloud<\/a><\/span><\/p>\n<p><span style=\"color: #333333;\"><a style=\"color: #333333;\" href=\"https:\/\/www.youtube.com\/channel\/UCdVHMCeONq3cc6S8354APbg\" target=\"_blank\" rel=\"noopener noreferrer\">Youtube<\/a><\/span><\/p>\n<p><span style=\"color: #333333;\"><a style=\"color: #333333;\" href=\"https:\/\/www.instagram.com\/gavarnie_ensemble\/\" target=\"_blank\" rel=\"noopener noreferrer\">Instagram<\/a><\/span><\/p>\n<p>[\/et_pb_text][\/et_pb_column][et_pb_column type=\u00a0\u00bb1_4&Prime; _builder_version=\u00a0\u00bb4.16&Prime; global_colors_info=\u00a0\u00bb{}\u00a0\u00bb][et_pb_text _builder_version=\u00a0\u00bb4.20.0&Prime; custom_margin=\u00a0\u00bb||4%||false|false\u00a0\u00bb custom_padding=\u00a0\u00bb||||false|false\u00a0\u00bb global_colors_info=\u00a0\u00bb{}\u00a0\u00bb]<\/p>\n<p><strong><span style=\"color: #0c0c0c;\">Nos partenaires<\/span><\/strong><\/p>\n<p>[\/et_pb_text][et_pb_image src=\u00a0\u00bbhttp:\/\/gavarnie-ensemble.com\/wp-content\/uploads\/2020\/03\/Logo-DRAC.png\u00a0\u00bb title_text=\u00a0\u00bbLogo DRAC\u00a0\u00bb _builder_version=\u00a0\u00bb4.20.0&Prime; _module_preset=\u00a0\u00bbdefault\u00a0\u00bb width=\u00a0\u00bb52%\u00a0\u00bb custom_margin=\u00a0\u00bb||20px||false|false\u00a0\u00bb global_colors_info=\u00a0\u00bb{}\u00a0\u00bb][\/et_pb_image][et_pb_image src=\u00a0\u00bbhttp:\/\/gavarnie-ensemble.com\/wp-content\/uploads\/2021\/08\/mairie-de-paris.png\u00a0\u00bb title_text=\u00a0\u00bbmairie de paris\u00a0\u00bb show_bottom_space=\u00a0\u00bboff\u00a0\u00bb _builder_version=\u00a0\u00bb4.20.0&Prime; width=\u00a0\u00bb60px\u00a0\u00bb custom_margin=\u00a0\u00bb8%||15%||false|false\u00a0\u00bb global_colors_info=\u00a0\u00bb{}\u00a0\u00bb][\/et_pb_image][et_pb_image src=\u00a0\u00bbhttp:\/\/gavarnie-ensemble.com\/wp-content\/uploads\/2021\/08\/FCM-centre-nationla-de-la-musique.png\u00a0\u00bb title_text=\u00a0\u00bbFCM centre nationla de la musique\u00a0\u00bb _builder_version=\u00a0\u00bb4.20.0&Prime; width=\u00a0\u00bb55%\u00a0\u00bb custom_margin=\u00a0\u00bb||20px||false|false\u00a0\u00bb global_colors_info=\u00a0\u00bb{}\u00a0\u00bb][\/et_pb_image][et_pb_image src=\u00a0\u00bbhttp:\/\/gavarnie-ensemble.com\/wp-content\/uploads\/2021\/08\/grand-orly-seine-et-bievre.png\u00a0\u00bb title_text=\u00a0\u00bbgrand orly seine et bievre\u00a0\u00bb _builder_version=\u00a0\u00bb4.16&Prime; width=\u00a0\u00bb40%\u00a0\u00bb global_colors_info=\u00a0\u00bb{}\u00a0\u00bb][\/et_pb_image][\/et_pb_column][et_pb_column type=\u00a0\u00bb1_4&Prime; _builder_version=\u00a0\u00bb4.16&Prime; global_colors_info=\u00a0\u00bb{}\u00a0\u00bb][et_pb_image src=\u00a0\u00bbhttp:\/\/gavarnie-ensemble.com\/wp-content\/uploads\/2020\/05\/2019-logo-Sacem-300&#215;148-1.png\u00a0\u00bb _builder_version=\u00a0\u00bb4.20.0&Prime; width=\u00a0\u00bb40%\u00a0\u00bb custom_margin=\u00a0\u00bb||20px||false|false\u00a0\u00bb global_colors_info=\u00a0\u00bb{}\u00a0\u00bb][\/et_pb_image][et_pb_image src=\u00a0\u00bbhttp:\/\/gavarnie-ensemble.com\/wp-content\/uploads\/2021\/08\/mise-en-oeuvres.jpeg\u00a0\u00bb title_text=\u00a0\u00bbmise en oeuvres\u00a0\u00bb _builder_version=\u00a0\u00bb4.20.0&Prime; width=\u00a0\u00bb50%\u00a0\u00bb custom_margin=\u00a0\u00bb||20px||false|false\u00a0\u00bb global_colors_info=\u00a0\u00bb{}\u00a0\u00bb][\/et_pb_image][et_pb_image src=\u00a0\u00bbhttp:\/\/gavarnie-ensemble.com\/wp-content\/uploads\/2021\/08\/maison-musique-contemporaine.png\u00a0\u00bb title_text=\u00a0\u00bbmaison musique contemporaine\u00a0\u00bb url=\u00a0\u00bbhttps:\/\/musiquecontemporaine.org\u00a0\u00bb url_new_window=\u00a0\u00bbon\u00a0\u00bb _builder_version=\u00a0\u00bb4.21.0&Prime; width=\u00a0\u00bb35%\u00a0\u00bb custom_margin=\u00a0\u00bb||20px||false|false\u00a0\u00bb global_colors_info=\u00a0\u00bb{}\u00a0\u00bb][\/et_pb_image][et_pb_image src=\u00a0\u00bbhttp:\/\/gavarnie-ensemble.com\/wp-content\/uploads\/2020\/03\/marly-le-roi.jpg\u00a0\u00bb title_text=\u00a0\u00bbmarly-le-roi\u00a0\u00bb _builder_version=\u00a0\u00bb4.27.4&Prime; _module_preset=\u00a0\u00bbdefault\u00a0\u00bb width=\u00a0\u00bb60%\u00a0\u00bb custom_margin=\u00a0\u00bb||9px||false|false\u00a0\u00bb custom_padding=\u00a0\u00bb||0px|||\u00a0\u00bb global_colors_info=\u00a0\u00bb{}\u00a0\u00bb][\/et_pb_image][et_pb_image src=\u00a0\u00bbhttp:\/\/gavarnie-ensemble.com\/wp-content\/uploads\/2020\/03\/Vallee_Sud_Grand_Paris_Logo.jpg\u00a0\u00bb title_text=\u00a0\u00bbVallee_Sud_Grand_Paris_Logo\u00a0\u00bb _builder_version=\u00a0\u00bb4.27.4&Prime; _module_preset=\u00a0\u00bbdefault\u00a0\u00bb width=\u00a0\u00bb30%\u00a0\u00bb custom_margin=\u00a0\u00bb||11px|||\u00a0\u00bb global_colors_info=\u00a0\u00bb{}\u00a0\u00bb][\/et_pb_image][et_pb_image src=\u00a0\u00bbhttp:\/\/gavarnie-ensemble.com\/wp-content\/uploads\/2020\/03\/horizontal_rouge-scaled.png\u00a0\u00bb title_text=\u00a0\u00bbhorizontal_rouge\u00a0\u00bb _builder_version=\u00a0\u00bb4.27.4&Prime; _module_preset=\u00a0\u00bbdefault\u00a0\u00bb width=\u00a0\u00bb46%\u00a0\u00bb global_colors_info=\u00a0\u00bb{}\u00a0\u00bb][\/et_pb_image][\/et_pb_column][et_pb_column type=\u00a0\u00bb1_4&Prime; _builder_version=\u00a0\u00bb4.16&Prime; global_colors_info=\u00a0\u00bb{}\u00a0\u00bb][et_pb_image src=\u00a0\u00bbhttp:\/\/gavarnie-ensemble.com\/wp-content\/uploads\/2020\/03\/Logo-Academie-Villecroze.png\u00a0\u00bb title_text=\u00a0\u00bbLogo Acad\u00e9mie Villecroze\u00a0\u00bb _builder_version=\u00a0\u00bb4.20.0&Prime; _module_preset=\u00a0\u00bbdefault\u00a0\u00bb width=\u00a0\u00bb35%\u00a0\u00bb custom_margin=\u00a0\u00bb||20px||false|false\u00a0\u00bb global_colors_info=\u00a0\u00bb{}\u00a0\u00bb][\/et_pb_image][et_pb_image src=\u00a0\u00bbhttp:\/\/gavarnie-ensemble.com\/wp-content\/uploads\/2021\/08\/raviv.png\u00a0\u00bb title_text=\u00a0\u00bbraviv\u00a0\u00bb _builder_version=\u00a0\u00bb4.20.0&Prime; width=\u00a0\u00bb40%\u00a0\u00bb custom_margin=\u00a0\u00bb||20px||false|false\u00a0\u00bb global_colors_info=\u00a0\u00bb{}\u00a0\u00bb][\/et_pb_image][et_pb_image src=\u00a0\u00bbhttp:\/\/gavarnie-ensemble.com\/wp-content\/uploads\/2020\/03\/Logo-Cite-des-Arts.png\u00a0\u00bb title_text=\u00a0\u00bbLogo Cit\u00e9 des Arts\u00a0\u00bb _builder_version=\u00a0\u00bb4.20.0&Prime; width=\u00a0\u00bb40%\u00a0\u00bb custom_margin=\u00a0\u00bb||20px||false|false\u00a0\u00bb global_colors_info=\u00a0\u00bb{}\u00a0\u00bb][\/et_pb_image][et_pb_image src=\u00a0\u00bbhttp:\/\/gavarnie-ensemble.com\/wp-content\/uploads\/2021\/08\/college-contemporain.png\u00a0\u00bb title_text=\u00a0\u00bbcollege contemporain\u00a0\u00bb _builder_version=\u00a0\u00bb4.16&Prime; width=\u00a0\u00bb65%\u00a0\u00bb custom_margin=\u00a0\u00bb||0px|||\u00a0\u00bb global_colors_info=\u00a0\u00bb{}\u00a0\u00bb][\/et_pb_image][et_pb_image src=\u00a0\u00bbhttp:\/\/gavarnie-ensemble.com\/wp-content\/uploads\/2020\/03\/images.png\u00a0\u00bb title_text=\u00a0\u00bbimages\u00a0\u00bb _builder_version=\u00a0\u00bb4.25.1&Prime; _module_preset=\u00a0\u00bbdefault\u00a0\u00bb width=\u00a0\u00bb40%\u00a0\u00bb global_colors_info=\u00a0\u00bb{}\u00a0\u00bb][\/et_pb_image][et_pb_image src=\u00a0\u00bbhttp:\/\/gavarnie-ensemble.com\/wp-content\/uploads\/2020\/03\/SPEDIDAM-LOGO-2017.png\u00a0\u00bb title_text=\u00a0\u00bbSPEDIDAM-LOGO-2017&Prime; _builder_version=\u00a0\u00bb4.27.4&Prime; _module_preset=\u00a0\u00bbdefault\u00a0\u00bb width=\u00a0\u00bb40%\u00a0\u00bb global_colors_info=\u00a0\u00bb{}\u00a0\u00bb][\/et_pb_image][\/et_pb_column][\/et_pb_row][\/et_pb_section]<\/p>\n","protected":false},"excerpt":{"rendered":"<p>ILS EN PARLENT\n\t\t\t<!-- START Criticas REVOLUTION SLIDER 6.7.18 --><p class=\"rs-p-wp-fix\"><\/p>\n\t\t\t<rs-module-wrap id=\"rev_slider_3_2_wrapper\" data-source=\"gallery\" style=\"visibility:hidden;background:transparent;padding:0;margin:0px auto;margin-top:0;margin-bottom:0;\">\n\t\t\t\t<rs-module id=\"rev_slider_3_2\" style=\"\" data-version=\"6.7.18\">\n\t\t\t\t\t<rs-slides style=\"overflow: hidden; position: absolute;\">\n\t\t\t\t\t\t<rs-slide style=\"position: absolute;\" data-key=\"rs-5\" data-title=\"Slide\" data-thumb=\"\/\/gavarnie-ensemble.com\/wp-content\/uploads\/2022\/10\/Criticasb_s-100x50.jpg\" data-anim=\"adpr:false;\">\n\t\t\t\t\t\t\t<img decoding=\"async\" src=\"\/\/gavarnie-ensemble.com\/wp-content\/plugins\/revslider\/sr6\/assets\/assets\/dummy.png\" alt=\"\" title=\"Ils en parlent\" class=\"rev-slidebg tp-rs-img rs-lazyload\" data-lazyload=\"\/\/gavarnie-ensemble.com\/wp-content\/uploads\/2022\/10\/Criticasb_s.jpg\" data-no-retina>\n<!---->\t\t\t\t\t<\/rs-slide>\n\t\t\t\t\t\t<rs-slide style=\"position: absolute;\" data-key=\"rs-6\" data-title=\"Slide\" data-thumb=\"\/\/gavarnie-ensemble.com\/wp-content\/uploads\/2022\/10\/F_s-100x50.jpg\" data-anim=\"adpr:false;\">\n\t\t\t\t\t\t\t<img decoding=\"async\" src=\"\/\/gavarnie-ensemble.com\/wp-content\/plugins\/revslider\/sr6\/assets\/assets\/dummy.png\" alt=\"\" title=\"Ils en parlent\" class=\"rev-slidebg tp-rs-img rs-lazyload\" data-lazyload=\"\/\/gavarnie-ensemble.com\/wp-content\/uploads\/2022\/10\/F_s.jpg\" data-no-retina>\n<!---->\t\t\t\t\t<\/rs-slide>\n\t\t\t\t\t<\/rs-slides>\n\t\t\t\t<\/rs-module>\n\t\t\t\t<script>\n\t\t\t\t\tsetREVStartSize({c: 'rev_slider_3_2',rl:[1240,1024,778,480],el:[],gw:[1624],gh:[1080],type:'standard',justify:'',layout:'fullwidth',mh:\"0\"});if (window.RS_MODULES!==undefined && window.RS_MODULES.modules!==undefined && window.RS_MODULES.modules[\"revslider32\"]!==undefined) {window.RS_MODULES.modules[\"revslider32\"].once = false;window.revapi3_2 = undefined;if (window.RS_MODULES.checkMinimal!==undefined) window.RS_MODULES.checkMinimal()}\n\t\t\t\t<\/script>\n\t\t\t<\/rs-module-wrap>\n\t\t\t<!-- END REVOLUTION SLIDER -->\nSi Fou Mi ! \u00a0\u00ab\u00a0Une belle prouesse, parfaitement ma\u00eetris\u00e9e\u00a0\u00bb https:\/\/www.lesartsliants.fr\/post\/si-fou-mi &nbsp;Nadine Eid, Les Arts Liants, Avril 2025Cartes postales en l&rsquo;air \u00ab\u00a0Interpr\u00e9tation extraordinaire. Gavarnie Ensemble offre un spectacle magnifique de sonorit\u00e9s prometteuses [&#8230;]\u00a0\u00bbCultura Hoya de Huesca, Juillet 2019 VII Edici\u00f3n Festival EnClaves de M\u00fasica y Patrimonio 2019Summer music\u00a0\u00bbUn solide ensemble de musique de [&hellip;]<\/p>\n","protected":false},"author":1,"featured_media":0,"parent":0,"menu_order":0,"comment_status":"closed","ping_status":"closed","template":"","meta":{"_et_pb_use_builder":"on","_et_pb_old_content":"<p>[et_pb_section fb_built=\"1\" _builder_version=\"3.26.7\" custom_margin=\"||10%||false|false\" custom_padding=\"||||false|false\"][et_pb_row _builder_version=\"3.26.7\" border_width_bottom=\"40px\" border_color_bottom=\"#e7ac52\" width=\"100%\" max_width=\"75%\" custom_margin=\"5.3%|0px||auto|false|false\" custom_padding=\"||||false|false\"][et_pb_column type=\"4_4\" _builder_version=\"3.26.7\"][et_pb_text _builder_version=\"3.26.7\" text_text_align=\"left\" border_color_bottom=\"#000000\" width=\"100%\" custom_margin=\"||||false|false\" custom_padding=\"|||10%|false|false\" transform_styles__hover_enabled=\"off\" transform_scale__hover_enabled=\"off\" transform_translate__hover_enabled=\"off\" transform_rotate__hover_enabled=\"off\" transform_skew__hover_enabled=\"off\" transform_origin__hover_enabled=\"off\"]<\/p><h1>CR\u00cdTICAS<\/h1><p>[\/et_pb_text][\/et_pb_column][\/et_pb_row][et_pb_row _builder_version=\"3.26.7\" border_width_bottom=\"4px\" border_color_bottom=\"#e7ac52\" width=\"100%\" max_width=\"75%\" custom_margin=\"|0px||auto|false|false\" custom_padding=\"0px|25%|4%||false|false\"][et_pb_column type=\"4_4\" _builder_version=\"3.26.7\"][et_pb_image src=\"http:\/\/gavarnie-ensemble.com\/wp-content\/uploads\/2020\/03\/Gavarnie-Ensemble_Press_26_Jes\u00fas-\u00c1ngel-S\u00e1nchez-Moreno.jpg\" _builder_version=\"3.26.7\" custom_margin=\"||5%||false|false\"][\/et_pb_image][et_pb_text _builder_version=\"3.26.7\" custom_margin=\"||1%||false|false\"]<\/p><h3><a href=\"https:\/\/gavarnie-ensemble.com\/conciertos-y-espectaculos\/\" target=\"_blank\" rel=\"noopener noreferrer\">Postales al viento<\/a><\/h3><p>[\/et_pb_text][et_pb_toggle title=\"%22Postales al viento: interpretaci\u00f3n extraordinaria. Gavarnie Ensemble ofreci\u00f3 un magn\u00edfico espect\u00e1culo de sugerentes sonoridades %91...%93%22\" open_toggle_text_color=\"rgba(0,0,0,0.5)\" open_toggle_background_color=\"rgba(255,255,255,0.39)\" closed_toggle_background_color=\"rgba(0,0,0,0)\" icon_color=\"rgba(0,0,0,0)\" _builder_version=\"3.26.7\" title_text_color=\"#333333\" title_level=\"h3\" title_font=\"||on||||||\" title_font_size=\"16px\" title_line_height=\"1.5em\" body_font_size=\"15px\" body_line_height=\"1.8em\" border_width_all=\"0px\" width=\"80%\" custom_margin=\"0px||0px||false|false\" custom_padding=\"||||false|false\"]<\/p><p><span style=\"color: #000000;\"><em>Ana Mainer Mart\u00edn y Carmen Mainer Mart\u00edn ofrecieron un cuidado muestrario de composiciones de autores franceses y latinoamericanos del siglo XX con una interpretaci\u00f3n extraordinaria.<br \/>Las artistas, actualmente afincadas en Par\u00eds, concibieron un programa bien armado y coherente que ofreci\u00f3 al numeroso p\u00fablico que asisti\u00f3 a este primer concierto del ciclo organizado por la Comarca Hoya de Huesca una cuidada selecci\u00f3n de algunas de las m\u00e1s expresivas composiciones para flauta y fagot surgidas de la mano de autores de la talla de Pierre Max Dubois, Heitor Villa-Lobos o Jean Fran\u00e7aix.<br \/>Quiz\u00e1s uno de los momentos culmen de la jornada lleg\u00f3 con la interpretaci\u00f3n de Sept impromptus, pour fl\u00fbte et basson de Jean Fran\u00e7aix, aunque los mayores aplausos fueron cosechados con las interpretaciones solistas del arreglo para fagot del Six tango \u00e9tudes for fl\u00fbte de Piazzola y la sugerente Couleur Neige de Sophie Dufeutrelle.<br \/>El concierto se cerr\u00f3 con la magn\u00edfica obra de Heitor Villa-Lobos Bachiana Brasileira n. 6. A su conclusi\u00f3n el p\u00fablico agradeci\u00f3 con un prolongado aplauso la actuaci\u00f3n ofrecida por estas dos figuras de la m\u00fasica aragonesa.<br \/>Gavarnie Ensemble ofreci\u00f3 un magn\u00edfico espect\u00e1culo de sugerentes sonoridades. Extraordinaria interpretaci\u00f3n de los Sept Impromptus de Jean Fran\u00e7aix y de la Bachiana brasileira de Heitor Villa-Lobos.<br \/><\/em><\/span><\/p><p>\u00a0<\/p><p>[\/et_pb_toggle][et_pb_text _builder_version=\"3.26.7\" text_text_align=\"right\" text_text_color=\"rgba(0,0,0,0.45)\" custom_margin=\"3%||1%||false|false\"]<\/p><p>Cultura Hoya de Huesca, Julio 2019<br \/>VII Edici\u00f3n Festival EnClaves de M\u00fasica y Patrimonio 2019<\/p><p>[\/et_pb_text][et_pb_text _builder_version=\"3.26.7\" custom_margin=\"5%||1%||false|false\"]<\/p><h3><a href=\"https:\/\/gavarnie-ensemble.com\/conciertos-y-espectaculos\/\" target=\"_blank\" rel=\"noopener noreferrer\">Summer music<\/a><\/h3><p>[\/et_pb_text][et_pb_toggle title=\"%22Summer music: un s\u00f3lido conjunto de c\u00e1mara %91...%93%22\" open_toggle_text_color=\"rgba(0,0,0,0.5)\" open_toggle_background_color=\"rgba(255,255,255,0.39)\" closed_toggle_background_color=\"rgba(0,0,0,0)\" icon_color=\"rgba(0,0,0,0)\" _builder_version=\"3.26.7\" title_text_color=\"#333333\" title_level=\"h3\" title_font=\"||on||||||\" title_font_size=\"16px\" title_line_height=\"1.5em\" body_font_size=\"15px\" body_line_height=\"1.8em\" border_width_all=\"0px\" width=\"80%\" custom_margin=\"0px||0px||false|false\" custom_padding=\"||||false|false\"]<\/p><p><span style=\"color: #000000;\"><em>Este viernes en el Ciclo del Foro, con el aforo lleno una vez m\u00e1s, tuvimos un ejemplo m\u00e1s de lo bueno que ha sido el trabajo hecho en el Conservatorio Superior de M\u00fasica de Arag\u00f3n (CSMA) en las dos \u00faltimas d\u00e9cadas: varias generaciones de m\u00fasicos profesionales, con carreras ya en marcha como es el caso de los miembros de Gavarnie Ensemble.<br \/>La flauta de Ana Mainer Mart\u00edn, el fagot de Carmen Mainer Mart\u00edn y el piano de Enrique Escart\u00edn presentaron un programa de compositores norteamericanos vivos que ten\u00eda como prop\u00f3sito declarado mostrar c\u00f3mo no todo el repertorio actual es \u00e1rido de escuchar, y lo lograron. Muy acertada la elecci\u00f3n del programa, con obras recientes y llenas de inter\u00e9s y muy bien defendido por los miembros de Gavarnie Ensemble, que se mostraron como un s\u00f3lido conjunto de c\u00e1mara.<\/em><\/span><\/p><p>[\/et_pb_toggle][et_pb_text _builder_version=\"3.26.7\" text_text_align=\"right\" text_text_color=\"rgba(0,0,0,0.45)\" custom_margin=\"3%||1%||false|false\"]C\u00e1mara actual, Juan Carlos Galtier<br \/>Heraldo de Arag\u00f3n, Agosto 2019<br \/>XXVI Festival de M\u00fasica Int\u00e9rpretes en Arag\u00f3n 2019 \u2022 M\u00fasica en el Museo del Foro Romano[\/et_pb_text][et_pb_text _builder_version=\"3.26.7\" custom_margin=\"5%||1%||false|false\"]<\/p><h3><a href=\"https:\/\/gavarnie-ensemble.com\/conciertos-y-espectaculos\/\" target=\"_blank\" rel=\"noopener noreferrer\">Las maderas en espejo<\/a><\/h3><p>[\/et_pb_text][et_pb_toggle title=\"%22Las maderas en espejo: equilibrio, conjunci\u00f3n y vigor interpretativo %91...%93%22\" open_toggle_text_color=\"rgba(0,0,0,0.5)\" open_toggle_background_color=\"rgba(255,255,255,0.39)\" closed_toggle_background_color=\"rgba(0,0,0,0)\" icon_color=\"rgba(0,0,0,0)\" _builder_version=\"3.26.7\" title_text_color=\"#333333\" title_level=\"h3\" title_font=\"||on||||||\" title_font_size=\"16px\" title_line_height=\"1.5em\" body_font_size=\"15px\" body_line_height=\"1.8em\" border_width_all=\"0px\" width=\"80%\" custom_margin=\"0px||0px||false|false\" custom_padding=\"||||false|false\"]<\/p><p><span style=\"color: #000000;\"><em>Gavarnie Ensemble ofreci\u00f3 un programa novedoso con m\u00fasica de tres d\u00e9cadas del siglo XX. La originalidad del programa consisti\u00f3 en hacerlo oscilar entre la m\u00fasica francesa del momento y la brasile\u00f1a de Heitor Villa-Lobos. Los int\u00e9rpretes se conjuntaron en d\u00fao, tr\u00edo o cuarteto para acoger y transmitir esta m\u00fasica de enorme belleza, procedente de una \u00e9poca convulsa, pero emisaria de la esperanza que siempre proyecta el arte verdadero. El orden de interpretaci\u00f3n estuvo estudiado para ofrecer una escala de sonoridades y un abanico de tonalidades en simb\u00f3lica forma de espejo, que resaltara la calidad de estas composiciones.<br \/>Los j\u00f3venes m\u00fasicos se entregaron con empe\u00f1o a la lectura de estas partituras, destacando sus intervenciones por el equilibrio, la conjunci\u00f3n y el vigor interpretativo. Cada uno de los instrumentistas dio su medida de calidad a lo largo del concierto, demostrando un notable dominio de la t\u00e9cnica y un gusto musical bien desarrollado.<br \/><\/em><\/span><\/p><p>[\/et_pb_toggle][et_pb_text _builder_version=\"3.26.7\" text_text_align=\"right\" text_text_color=\"rgba(0,0,0,0.45)\" custom_margin=\"3%||1%||false|false\"]<\/p><p>Las maderas en espejo, Francisco Javier Aguirre<br \/>Heraldo de Arag\u00f3n, Julio 2018<br \/>XXV Festival de M\u00fasica Int\u00e9rpretes en Arag\u00f3n 2018 \u2022 M\u00fasica en el Museo del Foro Romano<\/p><p>[\/et_pb_text][et_pb_text _builder_version=\"3.26.7\" custom_margin=\"5%||1%||false|false\"]<\/p><h3><a href=\"https:\/\/gavarnie-ensemble.com\/conciertos-y-espectaculos\/\" target=\"_blank\" rel=\"noopener noreferrer\">Music for bassoon and piano<\/a><\/h3><p>[\/et_pb_text][et_pb_toggle title=\"%22Music for bassoon and piano: una int\u00e9rprete en la que destaca tanto su dominio t\u00e9cnico como la formidable variedad de sonoridades %91...%93%22\" open_toggle_text_color=\"rgba(0,0,0,0.5)\" open_toggle_background_color=\"rgba(255,255,255,0.39)\" closed_toggle_background_color=\"rgba(0,0,0,0)\" icon_color=\"rgba(0,0,0,0)\" _builder_version=\"3.26.7\" title_text_color=\"#333333\" title_level=\"h3\" title_font=\"||on||||||\" title_font_size=\"16px\" title_line_height=\"1.5em\" body_font_size=\"15px\" body_line_height=\"1.8em\" border_width_all=\"0px\" width=\"80%\" custom_margin=\"0px||0px||false|false\" custom_padding=\"||||false|false\"]<\/p><p><span style=\"color: #000000;\"><em>El presente registro nos ofrece el trabajo de la fagotista Carmen Mainer, un compendio de composiciones relacionadas con el entorno de Par\u00eds entre los siglos XIX y XX, con estilos determinados desde el Romanticismo y el Impresionismo hasta el Vanguardismo. En la propuesta se encuentra magistralmente acompa\u00f1ada por el pianista Enrique Escart\u00edn y por la flautista Ana Mainer. El planteamiento reivindica el protagonismo del fagot como instrumento de m\u00fasica de c\u00e1mara, en una int\u00e9rprete en la que destaca tanto su dominio t\u00e9cnico como la formidable variedad de sonoridades, desde la densidad rom\u00e1ntica en el registro medio a las sonoridades propias de la articulaci\u00f3n contempor\u00e1nea en el registro agudo.<br \/><\/em><\/span><\/p><p>[\/et_pb_toggle][et_pb_text _builder_version=\"3.26.7\" text_text_align=\"right\" text_text_color=\"rgba(0,0,0,0.45)\" custom_margin=\"3%||1%||false|false\"]CD Music for bassoon and piano<br \/>Cr\u00edtica de Abelardo Mart\u00edn Ruiz *****<br \/>Mel\u00f3mano. La revista de m\u00fasica cl\u00e1sica. N\u00famero 247. Diciembre de 2018[\/et_pb_text][et_pb_toggle title=\"%22Music for bassoon and piano: magn\u00edficamente logrado primer CD recital %91...%93%22\" open_toggle_text_color=\"rgba(0,0,0,0.5)\" open_toggle_background_color=\"rgba(255,255,255,0.39)\" closed_toggle_background_color=\"rgba(0,0,0,0)\" icon_color=\"rgba(0,0,0,0)\" _builder_version=\"3.26.7\" title_text_color=\"#333333\" title_level=\"h3\" title_font=\"||on||||||\" title_font_size=\"16px\" title_line_height=\"1.5em\" body_font_size=\"15px\" body_line_height=\"1.8em\" border_width_all=\"0px\" width=\"80%\" custom_margin=\"4%||0px||false|false\" custom_padding=\"||||false|false\"]<\/p><p><span style=\"color: #000000;\"><em>El valor de la personal selecci\u00f3n de repertorio de Carmen Mainer Mart\u00edn reside en la diversidad de estilos. Escuchar este \u00e1lbum deber\u00eda hacer desterrar para siempre cualquier noci\u00f3n del fagot como un instrumento de una o dos notas. Nacida y formada en Espa\u00f1a, Carmen Mainer Mart\u00edn reside actualmente en Par\u00eds donde desarrolla su carrera art\u00edstica. Este magn\u00edficamente logrado primer CD recital deber\u00eda llevar su nombre a la audiencia internacional. Extraordinaria interpretaci\u00f3n y entrega la de esta joven fagotista espa\u00f1ola, ganadora de premios internacionales y campeona de la m\u00fasica contempor\u00e1nea.<br \/><\/em><\/span><\/p><p>[\/et_pb_toggle][et_pb_text _builder_version=\"3.26.7\" text_text_align=\"right\" text_text_color=\"rgba(0,0,0,0.45)\" custom_margin=\"3%||1%||false|false\"]CD Music for bassoon and piano<br \/>Brilliant Classics, 2018[\/et_pb_text][\/et_pb_column][\/et_pb_row][et_pb_row _builder_version=\"3.26.7\" border_color_bottom=\"#e7ac52\" width=\"100%\" max_width=\"75%\" custom_margin=\"4%|0px||auto|false|false\" custom_padding=\"|25%|||false|false\"][et_pb_column type=\"4_4\" _builder_version=\"3.26.7\"][et_pb_text _builder_version=\"3.26.7\" custom_margin=\"||1%||false|false\"]<\/p><h3>Otros programas realizados<\/h3><p>[\/et_pb_text][et_pb_toggle title=\"%22Gavarnie Ensemble ofreci\u00f3 una propuesta poco habitual en los conciertos de c\u00e1mara %91...%93%22\" open_toggle_text_color=\"rgba(0,0,0,0.5)\" open_toggle_background_color=\"rgba(255,255,255,0.39)\" closed_toggle_background_color=\"rgba(0,0,0,0)\" icon_color=\"rgba(0,0,0,0)\" _builder_version=\"3.26.7\" title_text_color=\"#333333\" title_level=\"h3\" title_font=\"||on||||||\" title_font_size=\"16px\" title_line_height=\"1.5em\" body_font_size=\"15px\" body_line_height=\"1.8em\" border_width_all=\"0px\" width=\"80%\" custom_margin=\"0px||0px||false|false\" custom_padding=\"||||false|false\"]<\/p><p><span style=\"color: #000000;\"><em>Gavarnie Ensemble ofreci\u00f3 una propuesta poco habitual en los conciertos de c\u00e1mara: obras para fagot solo y fagot con piano. La fagotista mostr\u00f3 sentido mel\u00f3dico y seguridad en su interpretaci\u00f3n, ajust\u00e1ndose a las exigencias t\u00e9cnicas de Interf\u00e9rences I de Roger Boutry, de especial dificultad. Lo mismo que su hermana, la flautista se desempe\u00f1\u00f3 con seguridad y equilibrio en su interpretaci\u00f3n de Le merle noir, de Olivier Messiaen.<br \/>La segunda parte dio paso a un estreno absoluto: las Ocho variaciones sobre la imagen de un sue\u00f1o, de Alex Nante, dedicada por el autor a las hermanas Mainer Mart\u00edn.<br \/><\/em><\/span><\/p><p>[\/et_pb_toggle][et_pb_text _builder_version=\"3.26.7\" text_text_align=\"right\" text_text_color=\"rgba(0,0,0,0.45)\" custom_margin=\"3%||1%||false|false\"]Obras infrecuentes y estreno absoluto, Francisco Javier Aguirre<br \/>Heraldo de Arag\u00f3n, Agosto 2017<br \/>XXIV Festival de M\u00fasica Int\u00e9rpretes en Arag\u00f3n 2017 \u2022 M\u00fasica en el Museo del Foro Romano[\/et_pb_text][et_pb_code _builder_version=\"3.26.7\" global_module=\"658\"][et_social_follow icon_style=\"flip\" icon_shape=\"rectangle\" icons_location=\"left\" col_number=\"1\" spacing=\"true\" outer_color=\"dark\"][\/et_pb_code][\/et_pb_column][\/et_pb_row][\/et_pb_section][et_pb_section fb_built=\"1\" _builder_version=\"3.26.7\" border_width_top=\"4px\" border_color_top=\"#e7ac52\" width=\"90%\" max_width=\"100%\" module_alignment=\"right\" custom_margin=\"||||false|false\" custom_padding=\"2%||||false|false\" global_module=\"420\"][et_pb_row column_structure=\"1_3,1_3,1_3\" _builder_version=\"3.26.7\" width=\"100%\" max_width=\"100%\"][et_pb_column type=\"1_3\" _builder_version=\"3.26.7\"][et_pb_text _builder_version=\"3.26.7\" text_font_size=\"12px\" header_3_font_size=\"14px\"]<\/p><h3><span style=\"color: #0c0c0c;\">Contacto<\/span><\/h3><p>\u00a0<\/p><p>GAVARNIE ENSEMBLE<br \/>19 rue Ternaux<br \/>75011 Paris (France)<br \/><span style=\"color: #666666;\"><a style=\"color: #666666;\" href=\"mailto:contact@gavarnie-ensemble.com\">contact@gavarnie-ensemble.com<\/a><\/span><\/p><div><div class=\"_1t_p clearfix\"><div class=\"_41ud\"><div class=\"clearfix _o46 _3erg _29_7 direction_ltr text_align_ltr\"><div id=\"js_5o\" class=\"_3058 _ui9 _hh7 _6ybn _s1- _52mr _3oh-\" data-tooltip-content=\"17:21\" data-hover=\"tooltip\" data-tooltip-position=\"above\"><div class=\"_aok _7i2m\" tabindex=\"0\" aria-label=\"Producci\u00f3n contact@gavarnie-ensemble.com\">\u00a0<\/div><\/div><\/div><\/div><\/div><\/div><p>\u00a0<\/p><p>\u00a0<\/p><p>PRODUCCI\u00d3N<br \/><span style=\"color: #666666;\"><a style=\"color: #666666;\" href=\"mailto:production@gavarnie-ensemble.com\">production@gavarnie-ensemble.com<\/a><\/span><\/p><p>\u00a0<\/p><p>DIRECCI\u00d3N ART\u00cdSTICA<br \/>Ana Mainer Mart\u00edn<br \/><span style=\"color: #666666;\"><a style=\"color: #666666;\" href=\"mailto:amm@gavarnie-ensemble.com\">amm@gavarnie-ensemble.com<\/a><\/span><\/p><p>Carmen Mainer Mart\u00edn<br \/><span style=\"color: #666666;\"><a style=\"color: #666666;\" href=\"mailto:cmm@gavarnie-ensemble.com\">cmm@gavarnie-ensemble.com<\/a><\/span><\/p><p>\u00a0<\/p><p>[\/et_pb_text][\/et_pb_column][et_pb_column type=\"1_3\" _builder_version=\"3.26.7\"][et_pb_text _builder_version=\"3.26.7\" text_font_size=\"12px\" header_3_font_size=\"14px\"]<\/p><h3><span style=\"color: #0c0c0c;\">Redes sociales<\/span><\/h3><p>\u00a0<\/p><p><span style=\"color: #666666;\"><a style=\"color: #666666;\" href=\"https:\/\/www.facebook.com\/gavarnieensemble\/\" target=\"_blank\" rel=\"noopener noreferrer\">Facebook<\/a><\/span><\/p><p><span style=\"color: #666666;\"><a style=\"color: #666666;\" href=\"https:\/\/soundcloud.com\/gavarnie-ensemble\" target=\"_blank\" rel=\"noopener noreferrer\">Soundcloud<\/a><\/span><\/p><p><span style=\"color: #666666;\"><a style=\"color: #666666;\" href=\"https:\/\/www.youtube.com\/channel\/UCdVHMCeONq3cc6S8354APbg\" target=\"_blank\" rel=\"noopener noreferrer\">Youtube<\/a><\/span><\/p><p><span style=\"color: #666666;\"><a style=\"color: #666666;\" href=\"https:\/\/www.instagram.com\/gavarnie_ensemble\/\" target=\"_blank\" rel=\"noopener noreferrer\">Instagram<\/a><\/span>[\/et_pb_text][et_pb_text _builder_version=\"3.26.7\" text_font_size=\"12px\"]<\/p><p>Newsletter<\/p><p>[\/et_pb_text][\/et_pb_column][et_pb_column type=\"1_3\" _builder_version=\"3.26.7\"][et_pb_text _builder_version=\"3.26.7\" custom_margin=\"||4%||false|false\" custom_padding=\"||||false|false\"]<span style=\"color: #0c0c0c;\">Patrocinadores<\/span>[\/et_pb_text][et_pb_image src=\"http:\/\/gavarnie-ensemble.com\/wp-content\/uploads\/2019\/11\/600px-Ville_de_Paris_logo_2019.svg_.png\" show_bottom_space=\"off\" _builder_version=\"3.26.7\" width=\"10%\" custom_margin=\"8%||2%||false|false\"][\/et_pb_image][et_pb_text _builder_version=\"3.26.7\" text_font_size=\"12px\"]<\/p><p>Ville de Paris<\/p><p>[\/et_pb_text][\/et_pb_column][\/et_pb_row][\/et_pb_section]<\/p>","_et_gb_content_width":"","footnotes":""},"class_list":["post-803","page","type-page","status-publish","hentry"],"_links":{"self":[{"href":"https:\/\/gavarnie-ensemble.com\/fr\/wp-json\/wp\/v2\/pages\/803","targetHints":{"allow":["GET"]}}],"collection":[{"href":"https:\/\/gavarnie-ensemble.com\/fr\/wp-json\/wp\/v2\/pages"}],"about":[{"href":"https:\/\/gavarnie-ensemble.com\/fr\/wp-json\/wp\/v2\/types\/page"}],"author":[{"embeddable":true,"href":"https:\/\/gavarnie-ensemble.com\/fr\/wp-json\/wp\/v2\/users\/1"}],"replies":[{"embeddable":true,"href":"https:\/\/gavarnie-ensemble.com\/fr\/wp-json\/wp\/v2\/comments?post=803"}],"version-history":[{"count":23,"href":"https:\/\/gavarnie-ensemble.com\/fr\/wp-json\/wp\/v2\/pages\/803\/revisions"}],"predecessor-version":[{"id":5116,"href":"https:\/\/gavarnie-ensemble.com\/fr\/wp-json\/wp\/v2\/pages\/803\/revisions\/5116"}],"wp:attachment":[{"href":"https:\/\/gavarnie-ensemble.com\/fr\/wp-json\/wp\/v2\/media?parent=803"}],"curies":[{"name":"wp","href":"https:\/\/api.w.org\/{rel}","templated":true}]}}